{"id":3599,"date":"2024-03-04T08:55:32","date_gmt":"2024-03-04T08:55:32","guid":{"rendered":"https:\/\/zwackunicum.hu\/?page_id=3599"},"modified":"2024-03-04T08:55:32","modified_gmt":"2024-03-04T08:55:32","slug":"adatkezelesi-tajekoztato-jelentkezok-szamara","status":"publish","type":"page","link":"https:\/\/zwackunicum.hu\/en\/adatkezelesi-tajekoztato-jelentkezok-szamara\/","title":{"rendered":"Data Processing Information for Applicants"},"content":{"rendered":"<div id=\"fws_69f4c84f5e808\"  data-column-margin=\"default\" data-midnight=\"dark\" data-top-percent=\"2%\" data-bottom-percent=\"2%\"  class=\"wpb_row vc_row-fluid vc_row\"  style=\"padding-top: calc(100vw * 0.02); padding-bottom: calc(100vw * 0.02); \"><div class=\"row-bg-wrap\" data-bg-animation=\"none\" data-bg-animation-delay=\"\" data-bg-overlay=\"false\"><div class=\"inner-wrap row-bg-layer\" ><div class=\"row-bg viewport-desktop\"  style=\"\"><\/div><\/div><\/div><div class=\"row_col_wrap_12 col span_12 dark left\">\n\t<div  class=\"vc_col-sm-3 wpb_column column_container vc_column_container col no-extra-padding inherit_tablet inherit_phone\"  data-padding-pos=\"all\" data-has-bg-color=\"false\" data-bg-color=\"\" data-bg-opacity=\"1\" data-animation=\"\" data-delay=\"0\" >\n\t\t<div class=\"vc_column-inner\" >\n\t\t\t<div class=\"wpb_wrapper\">\n\t\t\t\t\n\t\t\t<\/div> \n\t\t<\/div>\n\t<\/div> \n\n\t<div  class=\"vc_col-sm-6 wpb_column column_container vc_column_container col no-extra-padding inherit_tablet inherit_phone\"  data-padding-pos=\"all\" data-has-bg-color=\"false\" data-bg-color=\"\" data-bg-opacity=\"1\" data-animation=\"\" data-delay=\"0\" >\n\t\t<div class=\"vc_column-inner\" >\n\t\t\t<div class=\"wpb_wrapper\">\n\t\t\t\t\n<div class=\"wpb_text_column wpb_content_element\" >\n\t<div class=\"wpb_wrapper\">\n\t\t<h2>1. A T\u00e1j\u00e9koztat\u00f3 c\u00e9lja \u00e9s hat\u00e1lya<\/h2>\n<p><a name=\"_Toc520189626\"><\/a>A Zwack Unicum Nyrt. (1095 Budapest, Soroks\u00e1ri \u00fat 26.; \u201e<strong>Zwack<\/strong>\u201d) az Eur\u00f3pai Parlament \u00e9s a Tan\u00e1cs (EU) 2016\/679 sz. \u00e1ltal\u00e1nos adatv\u00e9delmi rendelet\u00e9vel (\u201e<strong>Rendelet<\/strong>\u201d vagy \u201e<strong>GDPR<\/strong>\u201d) \u00f6sszhangban az al\u00e1bbiak szerint t\u00e1j\u00e9koztatja a Zwackhoz jelentkez\u0151 szem\u00e9lyeket a Zwack mint Adatkezel\u0151 \u00e1ltal folytatott adatkezel\u00e9sekr\u0151l.<\/p>\n<h2><a name=\"_Toc520720109\"><\/a><a name=\"_Toc520189629\"><\/a>2. Az Adatkezel\u0151<\/h2>\n<p><a name=\"_Toc520189630\"><\/a>A munkaviszony keret\u00e9ben kezelt szem\u00e9lyes adatok kezel\u0151je a Zwack Unicum Nyrt. mint munk\u00e1ltat\u00f3, mint adatkezel\u0151 (a tov\u00e1bbiakban: Zwack, Adatkezel\u0151)<\/p>\n<p>A Zwack bejegyzett sz\u00e9khelye: 1095 Budapest, Soroks\u00e1ri \u00fat 26.<\/p>\n<p>Nyilv\u00e1ntart\u00f3 b\u00edr\u00f3s\u00e1g: F\u0151v\u00e1rosi T\u00f6rv\u00e9nysz\u00e9k C\u00e9gb\u00edr\u00f3s\u00e1ga<\/p>\n<p>C\u00e9gjegyz\u00e9ksz\u00e1m: 01-10-042048<\/p>\n<p>Ad\u00f3sz\u00e1m: 10795044244<\/p>\n<p>Email c\u00edm:\u00a0<a href=\"mailto:adatvedelem@zwackunicum.hu\">adatvedelem@zwackunicum.hu<\/a><\/p>\n<p>K\u00f6zponti telefonsz\u00e1m: +36 1 456-5200<\/p>\n<h2><a name=\"_Toc520720112\"><\/a><a name=\"_Toc520189633\"><\/a><a name=\"_Toc506804547\"><\/a><a name=\"_Ref504727492\"><\/a>3. A Zwack \u00e1ltal folytatott adatkezel\u00e9sek<\/h2>\n<p>A jelen t\u00e1j\u00e9koztat\u00f3\u00a0<strong><u>1. sz. mell\u00e9klet\u00e9ben<\/u><\/strong>\u00a0ismertetj\u00fck, hogy a Zwack a hozz\u00e1 jelentkez\u0151 \u00e1ll\u00e1skeres\u0151kkel kapcsolatban mely, a jelentkez\u00e9s elb\u00edr\u00e1l\u00e1sa szempontj\u00e1b\u00f3l l\u00e9nyeges t\u00e1j\u00e9koztat\u00e1st ny\u00fajt\u00f3 szem\u00e9lyes adatokat kezeli, ezen adatkezel\u00e9seknek mi a jogalapja, c\u00e9lja \u00e9s mik\u00e9nt alakul az egyes adatok t\u00e1rol\u00e1s ideje.\u00a0<strong><u>K\u00e9rj\u00fck, hogy p\u00e1ly\u00e1zat\u00e1ban csak a l\u00e9tes\u00edtend\u0151 munkaviszony szempontj\u00e1b\u00f3l relev\u00e1ns szem\u00e9lyes adatokat adjon meg<\/u><\/strong>!<\/p>\n<p>A Zwack bizonyos esetekben automatiz\u00e1lt m\u00f3don v\u00e9gzi az, ugyanakkor kiz\u00e1r\u00f3lag az automatiz\u00e1lt adatkezel\u00e9sen alapul\u00f3 d\u00f6nt\u00e9st a Zwack nem hoz, \u00e9s nem v\u00e9gez profilalkot\u00e1st sem.<\/p>\n<p>Az adatszolg\u00e1ltat\u00e1s nem k\u00f6telez\u0151 \u00e9s nem alapul jogszab\u00e1lyon, ugyanakkor, ha nem adja meg a k\u00e9rt adatokat, \u00fagy nagy val\u00f3sz\u00edn\u0171s\u00e9ggel nem tudunk \u00d6nnek \u00e1ll\u00e1st aj\u00e1nlani.<\/p>\n<h2><a name=\"_Toc506804576\"><\/a><a name=\"_Toc520189772\"><\/a><a name=\"_Toc520720144\"><\/a>4. Adatfeldolgoz\u00e1ssal \u00e9s adattov\u00e1bb\u00edt\u00e1ssal kapcsolatos inform\u00e1ci\u00f3k<\/h2>\n<p>Amennyiben a Zwack az 1. sz. mell\u00e9kletben meghat\u00e1rozott c\u00e9lokb\u00f3l harmadik szem\u00e9ly adatfeldolgoz\u00f3t vesz ig\u00e9nybe, e harmadik szem\u00e9ly r\u00e9sz\u00e9re az \u00e9rintett vonatkoz\u00f3 szem\u00e9lyes adatait \u2013 a Rendelet \u00e1ltal megk\u00edv\u00e1nt garanci\u00e1k megtart\u00e1sa \u00e9s adatfeldolgoz\u00f3i szerz\u0151d\u00e9s megk\u00f6t\u00e9se mellett \u2013 \u00e1tadhatja. Az \u00e9rintett munkaviszonnyal kapcsolatos adatai a sz\u00fcks\u00e9ges m\u00e9rt\u00e9kben tov\u00e1bb\u00edt\u00e1sra ker\u00fclhetnek szakmai titoktart\u00e1si k\u00f6telezetts\u00e9g hat\u00e1lya alatt \u00e1ll\u00f3 szem\u00e9lyeknek (pl. sz\u00fcks\u00e9g eset\u00e9n a Zwack \u00e1ltal megb\u00edzott \u00fcgyv\u00e9dek, k\u00f6nyvvizsg\u00e1l\u00f3k stb. r\u00e9sz\u00e9re). A mindenkori adatfeldolgoz\u00f3k szem\u00e9ly\u00e9r\u0151l az \u00e9rintett tov\u00e1bbi t\u00e1j\u00e9koztat\u00e1st kaphat a fenti megjel\u00f6lt el\u00e9rhet\u0151s\u00e9geken.<\/p>\n<p>Az \u00e9rintett adatai, amennyiben erre a Zwackot jogszab\u00e1ly k\u00f6telezi, tov\u00e1bb\u00edt\u00e1sra ker\u00fclhetnek az illet\u00e9kes hat\u00f3s\u00e1gok fel\u00e9, jogszab\u00e1ly \u00e1ltal el\u0151\u00edrt, valamint \u2013 t\u00f6rv\u00e9ny \u00e1ltal meghat\u00e1rozott esetekben \u2013 egyedi felh\u00edv\u00e1s alapj\u00e1n teljes\u00edtend\u0151 adatszolg\u00e1ltat\u00e1si k\u00f6telezetts\u00e9g teljes\u00edt\u00e9se k\u00f6r\u00e9ben.<\/p>\n<p>A Zwack nem sz\u00e1nd\u00e9kozik az \u00e9rintettek szem\u00e9lyes adatait az EGT-n k\u00edv\u00fcli, harmadik orsz\u00e1gba tov\u00e1bb\u00edtani.<\/p>\n<h2>5. Az egyes szem\u00e9lyes adatok tekintet\u00e9ben a t\u00e1rol\u00e1si id\u0151 meghat\u00e1roz\u00e1s\u00e1nak szempontjai<\/h2>\n<p>Az adatkezel\u00e9s id\u0151tartam\u00e1t, amennyiben az 1. sz. mell\u00e9klet elt\u00e9r\u0151 inform\u00e1ci\u00f3t nem tartalmaz, az al\u00e1bbi szempontok hat\u00e1rozz\u00e1k meg:<\/p>\n<p>Amennyiben a Zwack nem az \u00e9rintettet v\u00e1lasztotta a meghirdetett poz\u00edci\u00f3 kapcs\u00e1n, \u00fagy a Zwack a jelentkez\u0151 adatait a kiv\u00e1laszt\u00e1si elj\u00e1r\u00e1s lez\u00e1rul\u00e1s\u00e1t k\u00f6vet\u0151en 90 napon bel\u00fcl megsemmis\u00edti, kiv\u00e9ve a jelentkez\u0151 \u00e1ltali ig\u00e9ny\u00e9rv\u00e9nyes\u00edt\u00e9s eset\u00e9t, amikor a Zwack az adatokat az elj\u00e1r\u00e1s joger\u0151s befejez\u00e9s\u00e9t k\u00f6vet\u0151 5 \u00e9vig meg\u0151rzi.<\/p>\n<p>A Zwack az adatokat 1 \u00e9vig \u0151rzi meg az al\u00e1bbi esetekben:<\/p>\n<p>&#8211; a Zwack nem az \u00e9rintettet v\u00e1lasztotta \u00e9s a jelentkez\u0151 hozz\u00e1j\u00e1rul ahhoz, hogy tov\u00e1bbi \u00e1ll\u00e1slehet\u0151s\u00e9gekr\u0151l sz\u00f3l\u00f3 t\u00e1j\u00e9koztat\u00e1s c\u00e9lj\u00e1b\u00f3l az adatait a Zwack kezelje,<\/p>\n<p>&#8211; a jelentkez\u0151 nem egy aktu\u00e1lisan meghirdetett poz\u00edci\u00f3 kapcs\u00e1n adja be \u00f6n\u00e9letrajz\u00e1t a Zwackhoz.<\/p>\n<p>A t\u00e1rol\u00e1si id\u0151 lej\u00e1rt\u00e1t megel\u0151z\u0151en a Zwack \u00fajabb hozz\u00e1j\u00e1rul\u00e1st k\u00e9rhet az \u00e9rintett\u0151l, ilyen esetben a t\u00e1rol\u00e1s a hozz\u00e1j\u00e1rul\u00e1s ism\u00e9telt megad\u00e1s\u00e1t\u00f3l sz\u00e1m\u00edtott \u00fajabb 1 \u00e9v.<\/p>\n<p>Sikeres p\u00e1ly\u00e1zat eset\u00e9n a Zwack az \u00e1ll\u00e1sp\u00e1ly\u00e1zatban foglalt szem\u00e9lyes adatokat legfeljebb a pr\u00f3baid\u0151 lej\u00e1rt\u00e1ig kezeli, ezt k\u00f6vet\u0151en csak a munkaviszony l\u00e9tes\u00edt\u00e9s\u00e9hez \u00e9s fenntart\u00e1s\u00e1hoz sz\u00fcks\u00e9ges adatokat kezeli tov\u00e1bb, a k\u00fcl\u00f6n, munkav\u00e1llal\u00f3knak adand\u00f3 adatkezel\u00e9si t\u00e1j\u00e9koztat\u00e1s szerint.<\/p>\n<h2>6. Jogokr\u00f3l \u00e9s jogorvoslati lehet\u0151s\u00e9gekr\u0151l val\u00f3 t\u00e1j\u00e9koztat\u00e1s<\/h2>\n<p>Az alkalmazott t\u00e1j\u00e9koztat\u00e1st k\u00e9rhet szem\u00e9lyes adatai kezel\u00e9s\u00e9r\u0151l, valamint k\u00e9rheti szem\u00e9lyes adatainak helyesb\u00edt\u00e9s\u00e9t, illetve &#8211; a k\u00f6telez\u0151 adatkezel\u00e9sek kiv\u00e9tel\u00e9vel \u2013 t\u00f6rl\u00e9s\u00e9t, visszavon\u00e1s\u00e1t, \u00e9lhet adathordoz\u00e1si-, \u00e9s tiltakoz\u00e1si jog\u00e1val az adat felv\u00e9tel\u00e9n\u00e9l jelzett m\u00f3don, illetve az adatkezel\u0151 fenti el\u00e9rhet\u0151s\u00e9gein.<\/p>\n<p>Az \u00e9rintettet az al\u00e1bbi jogok illetik meg a szem\u00e9lyes adatai kezel\u00e9s\u00e9vel kapcsolatban.<\/p>\n<ul type=\"disc\">\n<li>Az \u00e9rintettnek joga van\u00a0<strong><u>t\u00e1j\u00e9koztat\u00e1st k\u00e9rni<\/u><\/strong>\u00a0az adatkezel\u00e9sr\u0151l. Az \u00e9rintett t\u00e1j\u00e9koztat\u00e1shoz val\u00f3 jog\u00e1t a Zwack a jelen le\u00edr\u00e1s szerint teljes\u00edti. Amennyiben a jelen t\u00e1j\u00e9koztat\u00f3ban olvashat\u00f3 inform\u00e1ci\u00f3k k\u00f6z\u00f6tt nem tal\u00e1l v\u00e1laszt a k\u00e9rd\u00e9s\u00e9re, akkor k\u00e9rj\u00fck, a fenti el\u00e9rhet\u0151s\u00e9geken jelezze k\u00e9rd\u00e9s\u00e9t.<\/li>\n<li>Az \u00e9rintettnek joga van\u00a0<strong><u>hozz\u00e1f\u00e9rni<\/u><\/strong>\u00a0az \u00e9rintettel kapcsolatosan a Zwack \u00e1ltal kezelt adatokhoz az al\u00e1bbiak szerint: az \u00e9rintett inform\u00e1ci\u00f3t k\u00e9rhet arra vonatkoz\u00f3an, hogy szem\u00e9lyes adatainak kezel\u00e9se folyamatban van-e, \u00e9s ha ilyen adatkezel\u00e9s folyamatban van, jogosult arra, hogy a szem\u00e9lyes adatokhoz \u00e9s a Rendelet 15. cikk\u00e9ben r\u00f6gz\u00edtett inform\u00e1ci\u00f3khoz hozz\u00e1f\u00e9r\u00e9st kapjon. Az \u00e9rintett k\u00e9rheti a kezelt szem\u00e9lyes adatok m\u00e1solat\u00e1t. Az els\u0151 m\u00e1solat ingyenes, a tov\u00e1bbi m\u00e1solatok\u00e9rt adminisztrat\u00edv k\u00f6lts\u00e9geken alapul\u00f3 \u00e9sszer\u0171 m\u00e9rt\u00e9k\u0171 d\u00edjat sz\u00e1m\u00edthatunk fel. Ha az \u00e9rintett elektronikus \u00faton ny\u00fajtotta be a k\u00e9relmet, az inform\u00e1ci\u00f3k elektronikus form\u00e1tumban, biztons\u00e1gos csatorn\u00e1n, jelsz\u00f3val v\u00e9detten ker\u00fclnek rendelkez\u00e9sre bocs\u00e1t\u00e1sra, kiv\u00e9ve, ha az \u00e9rintett m\u00e1sk\u00e9nt k\u00e9ri.<\/li>\n<li>Az \u00e9rintettnek joga van a pontatlan adatai\u00a0<strong><u>helyesb\u00edt\u00e9s\u00e9t<\/u><\/strong>\u00a0k\u00e9rni.<\/li>\n<li>Amennyiben az adatkezel\u00e9s az \u00e9rintett hozz\u00e1j\u00e1rul\u00e1s\u00e1n alapul (ld. az 1. sz. mell\u00e9kletet), \u00fagy az \u00e9rintett nem k\u00f6teles a hozz\u00e1j\u00e1rul\u00e1s\u00e1t megadni, illetve az \u00e9rintettnek joga van \u2013 b\u00e1rmikor, negat\u00edv k\u00f6vetkezm\u00e9ny n\u00e9lk\u00fcl \u2013\u00a0<strong><u>visszavonni a Zwacknak kor\u00e1bban adott hozz\u00e1j\u00e1rul\u00e1s\u00e1t<\/u><\/strong>. A hozz\u00e1j\u00e1rul\u00e1s visszavon\u00e1sa nem \u00e9rinti a visszavon\u00e1s el\u0151tti adatkezel\u00e9s jogszer\u0171s\u00e9g\u00e9t. Amennyiben az \u00e9rintett nem ad hozz\u00e1j\u00e1rul\u00e1st, illetve a hozz\u00e1j\u00e1rul\u00e1s esetleges visszavon\u00e1s\u00e1t k\u00f6vet\u0151en az adott adatkezel\u00e9sn\u00e9l meghat\u00e1rozott adatkezel\u00e9si c\u00e9l nem fog megval\u00f3sulni (azaz, amennyiben az \u00e9rintett a hozz\u00e1j\u00e1rul\u00e1st a kiv\u00e1laszt\u00e1s szempontj\u00e1b\u00f3l relev\u00e1ns adat tekintet\u00e9ben vonja vissza, a Zwack nem fog tudni az \u00e9rintettnek \u00e1ll\u00e1st aj\u00e1nlani).<\/li>\n<li>Az \u00e9rintett az al\u00e1bbi indokok valamelyik\u00e9nek fenn\u00e1ll\u00e1sa eset\u00e9n jogosult arra, hogy k\u00e9r\u00e9s\u00e9re a Zwack indokolatlan k\u00e9sedelem n\u00e9lk\u00fcl\u00a0<strong><u>t\u00f6r\u00f6lje<\/u><\/strong>\u00a0a r\u00e1 vonatkoz\u00f3 szem\u00e9lyes adatokat:- szem\u00e9lyes adatokra m\u00e1r nincs sz\u00fcks\u00e9g abb\u00f3l a c\u00e9lb\u00f3l, amelyb\u0151l azokat gy\u0171jt\u00f6tt\u00e9k vagy m\u00e1s m\u00f3don kezelt\u00e9k;- az \u00e9rintett visszavonja az adatkezel\u00e9s alapj\u00e1t k\u00e9pez\u0151 hozz\u00e1j\u00e1rul\u00e1s\u00e1t, \u00e9s az adatkezel\u00e9snek nincs m\u00e1s jogalapja;\n<p>&#8211; az \u00e9rintett tiltakozik az adatkezel\u00e9s ellen, \u00e9s nincs els\u0151bbs\u00e9get \u00e9lvez\u0151 jogszer\u0171 ok az adatkezel\u00e9sre;<\/p>\n<p>&#8211; a szem\u00e9lyes adatokat jogellenesen kezelt\u00e9k;<\/p>\n<p>&#8211; a szem\u00e9lyes adatokat az adatkezel\u0151re alkalmazand\u00f3 uni\u00f3s vagy tag\u00e1llami jogban el\u0151\u00edrt jogi k\u00f6telezetts\u00e9g alapj\u00e1n t\u00f6r\u00f6lni kell;<\/p>\n<p>&#8211; a szem\u00e9lyes adatok gy\u0171jt\u00e9s\u00e9re inform\u00e1ci\u00f3s t\u00e1rsadalommal \u00f6sszef\u00fcgg\u0151 szolg\u00e1ltat\u00e1sok k\u00edn\u00e1l\u00e1s\u00e1val kapcsolatosan ker\u00fclt sor.<\/li>\n<\/ul>\n<p>Az adatok t\u00f6rl\u00e9se nem kezdem\u00e9nyezhet\u0151, ha az adatkezel\u00e9s sz\u00fcks\u00e9ges a szem\u00e9lyes adatok kezel\u00e9s\u00e9t el\u0151\u00edr\u00f3, az adatkezel\u0151re alkalmazand\u00f3 uni\u00f3s vagy tag\u00e1llami jog szerinti k\u00f6telezetts\u00e9g teljes\u00edt\u00e9se c\u00e9lj\u00e1b\u00f3l, vagy jogi ig\u00e9nyek el\u0151terjeszt\u00e9s\u00e9hez, \u00e9rv\u00e9nyes\u00edt\u00e9s\u00e9hez, illetve v\u00e9delm\u00e9hez.<\/p>\n<ul type=\"disc\">\n<li>Bizonyos esetekben az adatokat a Zwack nem t\u00f6rli, hanem a kiz\u00e1r\u00f3lag a t\u00e1rol\u00e1sra\u00a0<strong><u>korl\u00e1tozza<\/u><\/strong>\u00a0az adatkezel\u00e9st. Akkor fordulhat ilyen el\u0151, (i) ha az \u00e9rintett vitatja a szem\u00e9lyes adatok pontoss\u00e1g\u00e1t, (ii) az adatkezel\u00e9s jogellenes, de az \u00e9rintett nem szeretn\u00e9 az adatok t\u00f6rl\u00e9s\u00e9t k\u00e9rni, csup\u00e1n az adatok felhaszn\u00e1l\u00e1s\u00e1nak korl\u00e1toz\u00e1s\u00e1t k\u00e9ri, (iii) az adatkezel\u00e9s c\u00e9lja m\u00e1r nem \u00e1ll fenn, de az \u00e9rintett valamilyen jog\u00e1nak \u00e9rv\u00e9nyes\u00edt\u00e9s\u00e9hez k\u00e9ri az adatkezel\u00e9st, (iv) az \u00e9rintett tiltakozott az adatkezel\u00e9s ellen, de a Zwacknak meg kell vizsg\u00e1lnia, hogy a Zwack jogos indokai els\u0151bbs\u00e9get \u00e9lveznek-e az \u00e9rintett jogos \u00e9rdekeivel szemben.<\/li>\n<li>Az \u00e9rintettnek joga van a Zwack \u00e1ltal kezelt adatait megkapni \u00e9s azok m\u00e1shoz val\u00f3 tov\u00e1bb\u00edt\u00e1s\u00e1t k\u00e9rni (<strong><u>adathordozhat\u00f3s\u00e1ghoz val\u00f3 jog<\/u><\/strong>). Az \u00e9rintettnek joga van az \u00e9rintett \u00e1ltal rendelkez\u00e9sre bocs\u00e1tott adatokat megkapni tagolt, sz\u00e9les k\u00f6rben haszn\u00e1lt, g\u00e9ppel olvashat\u00f3 form\u00e1tumban, illetve azokat m\u00e1s adatkezel\u0151h\u00f6z tov\u00e1bb\u00edtani, valamint k\u00e9rheti az adatai k\u00f6zvetlen tov\u00e1bb\u00edt\u00e1s\u00e1t egy m\u00e1sik adatkezel\u0151h\u00f6z.<\/li>\n<li>Bizonyos esetekben az \u00e9rintettnek joga van\u00a0<strong><u>tiltakozni<\/u><\/strong>\u00a0az adatkezel\u00e9s ellen (ha p\u00e9ld\u00e1ul jogos \u00e9rdek \u00e9rv\u00e9nyes\u00edt\u00e9s\u00e9hez sz\u00fcks\u00e9ges okb\u00f3l, vagy k\u00f6zvetlen \u00fczletszerz\u00e9s \u00e9rdek\u00e9ben t\u00f6rt\u00e9nik az adatkezel\u00e9s).<a name=\"_Toc520720157\"><\/a><\/li>\n<li><strong><u>Jogorvoslati lehet\u0151s\u00e9gek<\/u><\/strong>:<\/li>\n<\/ul>\n<p>Amennyiben a szem\u00e9lyes adataival kapcsolatban b\u00e1rmilyen panasza mer\u00fclne fel, k\u00e9rj\u00fck mindenekel\u0151tt keresse fel az adatkezel\u0151t a jelen t\u00e1j\u00e9koztat\u00f3ban meghat\u00e1rozott el\u00e9rhet\u0151s\u00e9gek valamelyik\u00e9n, a panasz miel\u0151bbi b\u00e9k\u00e9s rendez\u00e9se c\u00e9lj\u00e1b\u00f3l.<a name=\"_Toc520720159\"><\/a><\/p>\n<p><strong><u>Adatv\u00e9delmi hat\u00f3s\u00e1gi elj\u00e1r\u00e1s<\/u><\/strong>:<\/p>\n<p>Az \u00e9rintett az al\u00e1bbi el\u00e9rhet\u0151s\u00e9geken az adatv\u00e9delmi hat\u00f3s\u00e1ghoz fordulhat \u00e9s vizsg\u00e1latot kezdem\u00e9nyezhet arra hivatkoz\u00e1ssal, hogy a szem\u00e9lyes adatai kezel\u00e9s\u00e9vel kapcsolatban jogs\u00e9relem k\u00f6vetkezett be, vagy annak k\u00f6zvetlen vesz\u00e9lye fenn\u00e1ll:<\/p>\n<p>N\u00e9v: Nemzeti Adatv\u00e9delmi \u00e9s Inform\u00e1ci\u00f3szabads\u00e1g Hat\u00f3s\u00e1g<\/p>\n<p>Sz\u00e9khely: 1055 Budapest, Falk Miksa utca 9-11.<\/p>\n<p>Levelez\u00e9si c\u00edm: 1374 Budapest, Pf. 603.<\/p>\n<p>Telefon: 06 \u2013 1 \u2013 391 \u2013 1400<\/p>\n<p>Fax: 06 \u2013 1 \u2013 391 \u2013 1410<\/p>\n<p>E-mail:\u00a0<a href=\"mailto:ugyfelszolgalat@naih.hu\">ugyfelszolgalat@naih.hu<\/a><\/p>\n<p>Honlap:\u00a0<a href=\"http:\/\/www.naih.hu\/\">http:\/\/www.naih.hu<\/a><a name=\"_Toc520720160\"><\/a><\/p>\n<p><strong><u>B\u00edr\u00f3s\u00e1ghoz fordul\u00e1s joga<\/u><\/strong><strong><u>:<\/u><\/strong><\/p>\n<p>Az \u00e9rintett a jogainak megs\u00e9rt\u00e9se eset\u00e9n, a panasz beny\u00fajt\u00e1s\u00e1t\u00f3l f\u00fcggetlen\u00fcl, az adatkezel\u0151 ellen a lak\u00f3helye, tart\u00f3zkod\u00e1si helye szerint illet\u00e9kes t\u00f6rv\u00e9nysz\u00e9khez is fordulhat. A b\u00edr\u00f3s\u00e1g az \u00fcgyben soron k\u00edv\u00fcl j\u00e1r el.<\/p>\n<h2><a name=\"_Toc520720155\"><\/a>7. Elj\u00e1r\u00e1si szab\u00e1lyok<\/h2>\n<p>A Zwack indokolatlan k\u00e9sedelem n\u00e9lk\u00fcl, de mindenf\u00e9lek\u00e9ppen a k\u00e9relem be\u00e9rkez\u00e9s\u00e9t\u0151l sz\u00e1m\u00edtott egy h\u00f3napon bel\u00fcl t\u00e1j\u00e9koztatja az \u00e9rintettet a k\u00e9relem nyom\u00e1n hozott int\u00e9zked\u00e9sekr\u0151l. Sz\u00fcks\u00e9g eset\u00e9n, figyelembe v\u00e9ve a k\u00e9relem \u00f6sszetetts\u00e9g\u00e9t \u00e9s a k\u00e9relmek sz\u00e1m\u00e1t, ez a hat\u00e1rid\u0151 tov\u00e1bbi k\u00e9t h\u00f3nappal meghosszabb\u00edthat\u00f3. A hat\u00e1rid\u0151 meghosszabb\u00edt\u00e1s\u00e1r\u00f3l a Zwack a k\u00e9sedelem okainak megjel\u00f6l\u00e9s\u00e9vel a k\u00e9relem k\u00e9zhezv\u00e9tel\u00e9t\u0151l sz\u00e1m\u00edtott egy h\u00f3napon bel\u00fcl t\u00e1j\u00e9koztatja az \u00e9rintettet. Ha az \u00e9rintett elektronikus \u00faton ny\u00fajtotta be a k\u00e9relmet, a t\u00e1j\u00e9koztat\u00e1s elektronikus \u00faton ker\u00fcl megad\u00e1sra, kiv\u00e9ve, ha az \u00e9rintett azt m\u00e1sk\u00e9nt k\u00e9ri.<\/p>\n<p>Ha a Zwack nem tesz int\u00e9zked\u00e9seket az \u00e9rintett k\u00e9relme nyom\u00e1n, k\u00e9sedelem n\u00e9lk\u00fcl, de legk\u00e9s\u0151bb a k\u00e9relem be\u00e9rkez\u00e9s\u00e9t\u0151l sz\u00e1m\u00edtott egy h\u00f3napon bel\u00fcl t\u00e1j\u00e9koztatja az \u00e9rintettet az int\u00e9zked\u00e9s elmarad\u00e1s\u00e1nak okair\u00f3l, valamint arr\u00f3l, hogy az \u00e9rintett panaszt ny\u00fajthat be valamely fel\u00fcgyeleti hat\u00f3s\u00e1gn\u00e1l, \u00e9s \u00e9lhet b\u00edr\u00f3s\u00e1gi jogorvoslati jog\u00e1val.<\/p>\n<p>A Zwack a k\u00e9rt inform\u00e1ci\u00f3kat \u00e9s t\u00e1j\u00e9koztat\u00e1st d\u00edjmentesen biztos\u00edtja. Ha az \u00e9rintett k\u00e9relme egy\u00e9rtelm\u0171en megalapozatlan vagy \u2013 k\u00fcl\u00f6n\u00f6sen ism\u00e9tl\u0151d\u0151 jellege miatt \u2013 t\u00falz\u00f3, az adatkezel\u0151, figyelemmel a k\u00e9rt inform\u00e1ci\u00f3 vagy t\u00e1j\u00e9koztat\u00e1s ny\u00fajt\u00e1s\u00e1val vagy a k\u00e9rt int\u00e9zked\u00e9s meghozatal\u00e1val j\u00e1r\u00f3 adminisztrat\u00edv k\u00f6lts\u00e9gekre \u00e9szszer\u0171 d\u00edjat sz\u00e1molhat fel, vagy megtagadhatja a k\u00e9relem alapj\u00e1n t\u00f6rt\u00e9n\u0151 int\u00e9zked\u00e9st.<\/p>\n<p>Zwack Unicum Plc.<\/p>\n<p>&nbsp;<\/p>\n<p>&nbsp;<\/p>\n<p><strong>1.\u00a0<\/strong><strong>sz. mell\u00e9klet<\/strong><\/p>\n<p>&nbsp;<\/p>\n<table border=\"1\" cellspacing=\"0\" cellpadding=\"0\">\n<tbody>\n<tr>\n<td width=\"142\"><strong>\u00c9rintettek<\/strong><\/td>\n<td width=\"472\">Az adatkezel\u0151n\u00e9l \u00e1ll\u00e1sp\u00e1ly\u00e1zatra jelentkez\u0151, vagy egy adott \u00e1ll\u00e1shirdet\u00e9s kapcs\u00e1n kiv\u00e1lasztott szem\u00e9lyek<\/td>\n<\/tr>\n<tr>\n<td width=\"142\"><strong>Adatkezel\u00e9s c\u00e9lja<\/strong><\/td>\n<td width=\"472\">\u00a7 A p\u00e1ly\u00e1zat elb\u00edr\u00e1l\u00e1s\u00e1ig v\u00e9gzett adatkezel\u00e9s c\u00e9lja: a jelentkez\u0151 szakmai alkalmass\u00e1g\u00e1nak meg\u00edt\u00e9l\u00e9se a meghirdetett poz\u00edci\u00f3 kapcs\u00e1n. Ahol a konkr\u00e9t szem\u00e9lyes adat gy\u0171jt\u00e9s\u00e9nek elt\u00e9r\u0151 c\u00e9lja van, ott kifejezetten jelezz\u00fck az al\u00e1bbi sorban.<\/p>\n<p>\u00a7 A p\u00e1ly\u00e1zat elb\u00edr\u00e1l\u00e1s\u00e1t k\u00f6vet\u0151 adatkezel\u00e9s c\u00e9lja: (i) a p\u00e1ly\u00e1z\u00f3 \u00e1ltali esetleges ig\u00e9ny\u00e9rv\u00e9nyes\u00edt\u00e9s sor\u00e1n az adatkezel\u0151 \u00e1ll\u00e1spontj\u00e1nak bizony\u00edt\u00e1s\u00e1hoz, jogainak \u00e9rv\u00e9nyes\u00edt\u00e9s\u00e9hez sz\u00fcks\u00e9ges iratmeg\u0151rz\u00e9s. (Ez ut\u00f3bbi adatkezel\u00e9sek jogalapja: jogos \u00e9rdek, ezzel kapcsolatos inform\u00e1ci\u00f3kat l\u00e1sd az \u201e<em>Adatkezel\u00e9s jogalapja<\/em>\u201d sorban.), (ii) illetve \u2013 amennyiben ehhez a jelentkez\u0151 k\u00fcl\u00f6n hozz\u00e1j\u00e1rul \u2013 toborz\u00e1si adatb\u00e1zisba val\u00f3 beker\u00fcl\u00e9s, tov\u00e1bbi \u00e1ll\u00e1slehet\u0151s\u00e9gekr\u0151l t\u00f6rt\u00e9n\u0151 k\u00f6zetlen t\u00e1j\u00e9koztat\u00e1s az adatkezel\u0151 \u00e1ltal.<\/td>\n<\/tr>\n<tr>\n<td width=\"142\"><strong>Az adatok forr\u00e1sa<\/strong><\/td>\n<td width=\"472\">\u00a7 K\u00f6zvetlen\u00fcl az \u00e9rintett<\/p>\n<p>\u00a7 Egyes esetekben el\u0151fordulhat, hogy az adatokat munkak\u00f6zvet\u00edt\u0151 c\u00e9g tov\u00e1bb\u00edtja az adatkezel\u0151 r\u00e9sz\u00e9re, vagy azokat az adatkezel\u0151 online \u00e1ll\u00e1sport\u00e1lon kereszt\u00fcl szerzi meg. Ezen adatkezel\u00e9sek vonatkoz\u00e1s\u00e1ban is a jelen t\u00e1j\u00e9koztat\u00f3 ir\u00e1nyad\u00f3.<\/td>\n<\/tr>\n<tr>\n<td width=\"142\"><strong>Kezelt adatok k\u00f6re<\/strong><\/td>\n<td width=\"472\">\u00c1ll\u00e1sp\u00e1ly\u00e1zattal kapcsolatban az adatkezel\u0151 tipikusan az al\u00e1bbi szem\u00e9lyes adatokat kezeli:<\/p>\n<p>\u00a7 N\u00e9v, sz\u00fclet\u00e9si hely \u00e9s id\u0151, \u00e1llampolg\u00e1rs\u00e1g, \u00e1lland\u00f3 lakc\u00edm, tart\u00f3zkod\u00e1si hely (adatkezel\u00e9s c\u00e9lja: jelentkez\u0151 azonos\u00edt\u00e1sa)<\/p>\n<p>\u00a7 Telefonsz\u00e1m, e-mail c\u00edm (adatkezel\u00e9s c\u00e9lja: kapcsolattart\u00e1s)<\/p>\n<p>\u00a7 Megp\u00e1ly\u00e1zott poz\u00edci\u00f3 adatai<\/p>\n<p>\u00a7 Iskolai v\u00e9gzetts\u00e9gre vonatkoz\u00f3 adatok<\/p>\n<p>\u00a7 Szakmai tapasztalatra vonatkoz\u00f3 adatok<\/p>\n<p>\u00a7 Nyelvtud\u00e1sra vonatkoz\u00f3 adatok (szellemi munkak\u00f6rben foglalkoztatand\u00f3 jelentkez\u0151 eset\u00e9n)<\/p>\n<p>\u00a7 B\u00e9rig\u00e9ny<\/p>\n<p>\u00a7 K\u00f6z\u00f6ss\u00e9gi oldal (pl. LinkedIn) nyilv\u00e1nos profilja, ha az itt szerepl\u0151 adatok a megp\u00e1ly\u00e1zott poz\u00edci\u00f3 szempontj\u00e1b\u00f3l relev\u00e1ns t\u00e1j\u00e9koztat\u00e1st ny\u00fajtanak<\/p>\n<p>\u00a7 Sz\u00fcks\u00e9g szerint: \u00f6n\u00e9letrajz, \u00e9s az abban szerepl\u0151 adatok, pl.<\/p>\n<p>&#8211; arck\u00e9p, ha ez szerepel az \u00f6n\u00e9letrajzban<\/p>\n<p>&#8211; term\u00e9szetes szem\u00e9lyazonos\u00edt\u00f3 adatok (n\u00e9v, nem, sz\u00fclet\u00e9si hely \u00e9s id\u0151, \u00e1llampolg\u00e1rs\u00e1g)<\/p>\n<p>&#8211; nyelvtud\u00e1s, iskolai \u00e9s egy\u00e9b v\u00e9gzetts\u00e9g, szakmai tapasztalat, prefer\u00e1lt poz\u00edci\u00f3, \u00e9rdekl\u0151d\u00e9si ter\u00fclet<\/p>\n<p>&#8211; adott esetben vezet\u0151i enged\u00e9ly t\u00edpusa, tov\u00e1bb\u00e1<\/p>\n<p>&#8211; egy\u00e9b, az \u00f6n\u00e9letrajzban szerepl\u0151 adatok.<\/p>\n<p>\u00a7 motiv\u00e1ci\u00f3s lev\u00e9l \u00e9s annak tartalma.\u00a0<strong><u>K\u00e9rj\u00fck, hogy \u00f6n\u00e9letrajz\u00e1ban \u00e9s motiv\u00e1ci\u00f3s level\u00e9ben csak a munkaviszony l\u00e9tes\u00edt\u00e9se szempontj\u00e1b\u00f3l relev\u00e1ns szem\u00e9lyes adatot adjon meg<\/u><\/strong>!<\/p>\n<p>\u00a7 Sz\u00fcks\u00e9g szerint: alkalmass\u00e1gi tesztek (a tesztek esetlegesen \u2013 a bet\u00f6lt\u00f6tt munkak\u00f6rt\u0151l f\u00fcgg\u0151en \u2013 logikai \u00e9s matematikai feladatok megold\u00e1s\u00e1t k\u00f6vetelhetik meg a jelentkez\u0151t\u0151l. A teszteket nem haszn\u00e1ljuk arra, hogy a szakmai alkalmass\u00e1g meg\u00edt\u00e9l\u00e9s\u00e9n t\u00fal egy\u00e9b inform\u00e1ci\u00f3kat gy\u0171jts\u00fcnk a jelentkez\u0151r\u0151l, ilyen inform\u00e1ci\u00f3k megismer\u00e9s\u00e9re az \u00e1ltalunk alkalmazott tesztek nem is alkalmasak. A teszteket szak\u00e9rt\u0151 elemzi, azok eredm\u00e9ny\u00e9t a toborz\u00e1ssal foglalkoz\u00f3 munkat\u00e1rsunk ismerheti meg. Ezen fel\u00fcl a jelentkez\u0151 nyelvismeret\u00e9t tesztelhetj\u00fck, tov\u00e1bb\u00e1 bizonyos szoftverek megfelel\u0151 ismeret\u00e9t m\u00e9rhetj\u00fck fel az \u00e1ll\u00e1sinterj\u00fan.)<\/td>\n<\/tr>\n<tr>\n<td width=\"142\"><strong>Adatkezel\u00e9s jogalapja<\/strong><\/td>\n<td width=\"472\">\u00a7 A jelentkez\u0151 hozz\u00e1j\u00e1rul\u00e1sa. T\u00e1j\u00e9koztatjuk, hogy \u00d6n nem k\u00f6teles a hozz\u00e1j\u00e1rul\u00e1s\u00e1t megadni. Azonban, ha a munkaer\u0151felv\u00e9tel c\u00e9lj\u00e1b\u00f3l t\u00f6rt\u00e9n\u0151 adatkezel\u00e9shez nem j\u00e1rul hozz\u00e1, \u00fagy nem \u00e1ll m\u00f3dunkban \u00e1ll\u00e1sp\u00e1ly\u00e1zat\u00e1t elb\u00edr\u00e1lni. Amennyiben hozz\u00e1j\u00e1rul\u00e1s\u00e1t megadta, ezt ut\u00f3bb b\u00e1rmikor, indokol\u00e1s n\u00e9lk\u00fcl visszavonhatja, a visszavon\u00e1s azonban nem \u00e9rinti a visszavon\u00e1s el\u0151tt t\u00f6rt\u00e9nt adatkezel\u00e9sek jogszer\u0171s\u00e9g\u00e9t.<\/p>\n<p>\u00a7 Az \u00e1ll\u00e1sp\u00e1ly\u00e1zat elb\u00edr\u00e1l\u00e1s\u00e1t k\u00f6vet\u0151 adatkezel\u00e9s jogalapja \u2013 amennyiben a jelentkez\u0151 nem adott hozz\u00e1j\u00e1rul\u00e1st a tov\u00e1bbi megkeres\u00e9sekhez \u2013 az adatkezel\u0151 jogos \u00e9rdeke (jogos \u00e9rdek megnevez\u00e9se: a jelentkez\u0151 \u00e1ltali esetleges ig\u00e9ny\u00e9rv\u00e9nyes\u00edt\u00e9s eset\u00e9re sz\u00fcks\u00e9ges bizony\u00edt\u00e9kok meg\u0151rz\u00e9se, adatkezel\u0151 jogszer\u0171 elj\u00e1r\u00e1s\u00e1nak ut\u00f3lagos bizony\u00edthat\u00f3s\u00e1ga).<\/td>\n<\/tr>\n<tr>\n<td width=\"142\"><strong>Az adatkezel\u00e9s id\u0151tartama<\/strong><\/td>\n<td width=\"472\">\u00a7 Sikertelen p\u00e1ly\u00e1zat eset\u00e9n az \u00e1ll\u00e1sp\u00e1ly\u00e1zat elb\u00edr\u00e1l\u00e1s\u00e1nak id\u0151tartam\u00e1t k\u00f6vet\u0151 legfeljebb 90 nap.<\/p>\n<p>\u00a7 Amennyiben jelentkez\u0151 k\u00fcl\u00f6n hozz\u00e1j\u00e1rult, \u00fagy az adatokat az adatkezel\u0151 tov\u00e1bbi 1 \u00e9vig meg\u0151rzi \u00e9s felhaszn\u00e1lja annak \u00e9rdek\u00e9ben, hogy tov\u00e1bbi \u00e1ll\u00e1slehet\u0151s\u00e9gek figyelembe aj\u00e1nl\u00e1sa c\u00e9lj\u00e1b\u00f3l a kapcsolatot a jelentkez\u0151vel felvegye.<\/p>\n<p>\u00a7 Sikeres p\u00e1ly\u00e1zat eset\u00e9n az adatkezel\u0151 a jelentkez\u00e9skor megadott adatok k\u00f6z\u00fcl a munkaviszony l\u00e9tes\u00edt\u00e9s\u00e9hez \u00e9s fenntart\u00e1s\u00e1hoz sz\u00fcks\u00e9ges adatokat kezeli tov\u00e1bb, a k\u00fcl\u00f6n, munkav\u00e1llal\u00f3knak adand\u00f3 t\u00e1j\u00e9koztat\u00e1s szerint.<\/td>\n<\/tr>\n<tr>\n<td width=\"142\"><strong>C\u00edmzettek<\/strong><\/td>\n<td width=\"472\">Amennyiben jelentkez\u0151 ehhez k\u00fcl\u00f6n hozz\u00e1j\u00e1rult, \u00fagy adatait az adatkezel\u0151 tov\u00e1bb\u00edthatja a hozz\u00e1j\u00e1rul\u00f3 nyilatkozatban megjel\u00f6lt munkaer\u0151k\u00f6lcs\u00f6nz\u0151 c\u00e9g r\u00e9sz\u00e9re. Az adattov\u00e1bb\u00edt\u00e1s c\u00e9lja a jelentkez\u0151 esetleges munkaer\u0151k\u00f6lcs\u00f6nz\u00e9sre ir\u00e1nyul\u00f3 jogviszony keret\u00e9ben t\u00f6rt\u00e9n\u0151 foglalkoztat\u00e1sa c\u00e9lj\u00e1b\u00f3l a jelentkez\u0151 alkalmass\u00e1g\u00e1nak meg\u00edt\u00e9l\u00e9se. Az adattov\u00e1bb\u00edt\u00e1s jogalapja a jelentkez\u0151 k\u00fcl\u00f6n hozz\u00e1j\u00e1rul\u00e1sa, amelyet a jelentkez\u0151 nem k\u00f6teles megadni. Az adattov\u00e1bb\u00edt\u00e1s c\u00edmzettj\u00e9nek adatkezel\u00e9s\u00e9re a c\u00edmzett \u00e1ltal megadand\u00f3 t\u00e1j\u00e9koztat\u00e1s vonatkozik.<\/td>\n<\/tr>\n<\/tbody>\n<\/table>\n\t<\/div>\n<\/div>\n\n\n\n\n\t\t\t<\/div> \n\t\t<\/div>\n\t<\/div> \n\n\t<div  class=\"vc_col-sm-3 wpb_column column_container vc_column_container col no-extra-padding inherit_tablet inherit_phone\"  data-padding-pos=\"all\" data-has-bg-color=\"false\" data-bg-color=\"\" data-bg-opacity=\"1\" data-animation=\"\" data-delay=\"0\" >\n\t\t<div class=\"vc_column-inner\" >\n\t\t\t<div class=\"wpb_wrapper\">\n\t\t\t\t\n\t\t\t<\/div> \n\t\t<\/div>\n\t<\/div> \n<\/div><\/div>","protected":false},"excerpt":{"rendered":"1. A T\u00e1j\u00e9koztat\u00f3 c\u00e9lja \u00e9s hat\u00e1lya A Zwack Unicum Nyrt. (1095 Budapest, Soroks\u00e1ri \u00fat 26.; \u201eZwack\u201d) az Eur\u00f3pai Parlament \u00e9s a Tan\u00e1cs (EU) 2016\/679 sz. \u00e1ltal\u00e1nos adatv\u00e9delmi rendelet\u00e9vel (\u201eRendelet\u201d vagy...","protected":false},"author":1,"featured_media":0,"parent":0,"menu_order":0,"comment_status":"closed","ping_status":"closed","template":"","meta":{"footnotes":""},"class_list":["post-3599","page","type-page","status-publish"],"_links":{"self":[{"href":"https:\/\/zwackunicum.hu\/en\/wp-json\/wp\/v2\/pages\/3599","targetHints":{"allow":["GET"]}}],"collection":[{"href":"https:\/\/zwackunicum.hu\/en\/wp-json\/wp\/v2\/pages"}],"about":[{"href":"https:\/\/zwackunicum.hu\/en\/wp-json\/wp\/v2\/types\/page"}],"author":[{"embeddable":true,"href":"https:\/\/zwackunicum.hu\/en\/wp-json\/wp\/v2\/users\/1"}],"replies":[{"embeddable":true,"href":"https:\/\/zwackunicum.hu\/en\/wp-json\/wp\/v2\/comments?post=3599"}],"version-history":[{"count":1,"href":"https:\/\/zwackunicum.hu\/en\/wp-json\/wp\/v2\/pages\/3599\/revisions"}],"predecessor-version":[{"id":3600,"href":"https:\/\/zwackunicum.hu\/en\/wp-json\/wp\/v2\/pages\/3599\/revisions\/3600"}],"wp:attachment":[{"href":"https:\/\/zwackunicum.hu\/en\/wp-json\/wp\/v2\/media?parent=3599"}],"curies":[{"name":"wp","href":"https:\/\/api.w.org\/{rel}","templated":true}]}}