{"id":3601,"date":"2024-03-04T08:56:20","date_gmt":"2024-03-04T08:56:20","guid":{"rendered":"https:\/\/zwackunicum.hu\/?page_id=3601"},"modified":"2024-03-04T08:56:20","modified_gmt":"2024-03-04T08:56:20","slug":"adatkezelesi-tajekoztato-kapcsolattartoi-adatok-kezelese","status":"publish","type":"page","link":"https:\/\/zwackunicum.hu\/en\/adatkezelesi-tajekoztato-kapcsolattartoi-adatok-kezelese\/","title":{"rendered":"Adatkezel\u00e9si t\u00e1j\u00e9koztat\u00f3 &#8211; kapcsolattart\u00f3i adatok kezel\u00e9se"},"content":{"rendered":"<div id=\"fws_69f5602c3b771\"  data-column-margin=\"default\" data-midnight=\"dark\" data-top-percent=\"2%\" data-bottom-percent=\"2%\"  class=\"wpb_row vc_row-fluid vc_row\"  style=\"padding-top: calc(100vw * 0.02); padding-bottom: calc(100vw * 0.02); \"><div class=\"row-bg-wrap\" data-bg-animation=\"none\" data-bg-animation-delay=\"\" data-bg-overlay=\"false\"><div class=\"inner-wrap row-bg-layer\" ><div class=\"row-bg viewport-desktop\"  style=\"\"><\/div><\/div><\/div><div class=\"row_col_wrap_12 col span_12 dark left\">\n\t<div  class=\"vc_col-sm-3 wpb_column column_container vc_column_container col no-extra-padding inherit_tablet inherit_phone\"  data-padding-pos=\"all\" data-has-bg-color=\"false\" data-bg-color=\"\" data-bg-opacity=\"1\" data-animation=\"\" data-delay=\"0\" >\n\t\t<div class=\"vc_column-inner\" >\n\t\t\t<div class=\"wpb_wrapper\">\n\t\t\t\t\n\t\t\t<\/div> \n\t\t<\/div>\n\t<\/div> \n\n\t<div  class=\"vc_col-sm-6 wpb_column column_container vc_column_container col no-extra-padding inherit_tablet inherit_phone\"  data-padding-pos=\"all\" data-has-bg-color=\"false\" data-bg-color=\"\" data-bg-opacity=\"1\" data-animation=\"\" data-delay=\"0\" >\n\t\t<div class=\"vc_column-inner\" >\n\t\t\t<div class=\"wpb_wrapper\">\n\t\t\t\t\n<div class=\"wpb_text_column wpb_content_element\" >\n\t<div class=\"wpb_wrapper\">\n\t\t<h2>Bevezet\u0151:<\/h2>\n<p style=\"font-weight: 400;\">T\u00e1j\u00e9koztatjuk arr\u00f3l, hogy a Zwack Unicum Nyrt.-nek (a tov\u00e1bbiakban: Adatkezel\u0151) az \u00fczleti partnereivel megk\u00f6t\u00f6tt szerz\u0151d\u00e9seiben a felek \u00e1ltal, a szerz\u0151d\u00e9s megfelel\u0151 teljes\u00edt\u00e9se \u00e9rdek\u00e9ben felt\u00fcntet\u00e9sre ker\u00fclnek az Adatkezel\u0151 r\u00e9sz\u00e9r\u0151l kijel\u00f6lt, valamint az Adatkezel\u0151 szerz\u0151d\u00e9ses partnere (a tov\u00e1bbiakban: Partner) \u00e1ltal a szerz\u0151d\u00e9ssel \u00f6sszef\u00fcgg\u0151 k\u00e9rd\u00e9sek tiszt\u00e1z\u00e1s\u00e1ra, kapcsolattart\u00e1sra kijel\u00f6lt term\u00e9szetes szem\u00e9lyek (a tov\u00e1bbiakban: \u00c9rintett) azon szem\u00e9lyes adatai, amelyeket a felek \u00e1ltal megk\u00f6t\u00f6tt szerz\u0151d\u00e9sek teljes\u00edt\u00e9se, \u00e9s a felek k\u00f6z\u00f6tt a szerz\u0151d\u00e9ssel \u00f6sszef\u00fcgg\u0151 kapcsolattart\u00e1s \u00e9rdek\u00e9ben a m\u00e1sik f\u00e9l tudom\u00e1s\u00e1ra kell hozni. Ezeket a szem\u00e9lyes adatokat mindk\u00e9t f\u00e9l \u00f6n\u00e1ll\u00f3 adatkezel\u0151k\u00e9nt kezeli. Erre tekintettel az Adatkezel\u0151 a Partnereivel jogviszonyban \u00e1ll\u00f3, kapcsolattart\u00f3k\u00e9nt megjel\u00f6lt term\u00e9szetes szem\u00e9lyek r\u00e9sz\u00e9re szem\u00e9lyes adatainak kezel\u00e9s\u00e9vel kapcsolatban a jelen t\u00e1j\u00e9koztat\u00f3ban foglalt el\u0151zetes t\u00e1j\u00e9koztat\u00e1st adja az Eur\u00f3pai Parlament \u00e9s a Tan\u00e1cs (EU) 2016\/679 rendelet (2016. \u00e1prilis 27.) (a tov\u00e1bbiakban: GDPR) 13. cikk\u00e9ben foglaltak szerint. Az Adatkezel\u0151 a vele munkaviszonyban, munkav\u00e9gz\u00e9sre ir\u00e1nyul\u00f3 egy\u00e9b jogviszonyban \u00e1ll\u00f3 \u00e9s szerz\u0151d\u00e9ses kapcsolattart\u00f3k\u00e9nt kijel\u00f6lt term\u00e9szetes szem\u00e9lyeket a kapcsolattart\u00e1ssal \u00f6sszef\u00fcgg\u00e9sben folytatott adatkezel\u00e9sr\u0151l k\u00fcl\u00f6n t\u00e1j\u00e9koztat\u00f3 keret\u00e9ben t\u00e1j\u00e9koztatja.<\/p>\n<p style=\"font-weight: 400;\">K\u00e9rj\u00fck, hogy az adatai rendelkez\u00e9sre bocs\u00e1t\u00e1sa el\u0151tt az al\u00e1bbi t\u00e1j\u00e9koztat\u00f3t figyelmesen olvassa el!<\/p>\n<h2>Az adatkezel\u0151 \u00e9s k\u00e9pvisel\u0151je el\u00e9rhet\u0151s\u00e9gei:<\/h2>\n<p style=\"font-weight: 400;\"><u>Az adatkezel\u0151:<br \/>\n<\/u>Neve: Zwack Unicum Lik\u0151ripari \u00e9s Kereskedelmi Nyilv\u00e1nosan M\u0171k\u00f6d\u0151 R\u00e9szv\u00e9nyt\u00e1rsas\u00e1g (a tov\u00e1bbiakban: Adatkezel\u0151)<u><br \/>\n<\/u>Sz\u00e9khely: 1095 Budapest, Soroks\u00e1ri \u00fat 26.<u><br \/>\n<\/u>El\u00e9rhet\u0151s\u00e9g:\u00a0<a href=\"mailto:adatvedelem@zwackunicum.hu\">adatvedelem@zwackunicum.hu<\/a><\/p>\n<h2>Az adatv\u00e9delmi tisztvisel\u0151 neve \u00e9s el\u00e9rhet\u0151s\u00e9ge<\/h2>\n<p style=\"font-weight: 400;\">A GDPR el\u0151\u00edr\u00e1sai \u00e9rtelm\u00e9ben az Adatkezel\u0151 sz\u00e1m\u00e1ra adatv\u00e9delmi tisztvisel\u0151 kinevez\u00e9se nem k\u00f6telez\u0151. Az Adatkezel\u0151 azonban adatv\u00e9delmi referenst nevezett ki, aki az Adatkezel\u0151n\u00e9l az adatv\u00e9delemmel kapcsolatos k\u00e9rd\u00e9seket kezeli:<\/p>\n<p style=\"font-weight: 400;\">Az adatv\u00e9delmi referens neve: Schultheisz Edina<\/p>\n<p style=\"font-weight: 400;\">El\u00e9rhet\u0151s\u00e9ge:\u00a0<a href=\"mailto:adatvedelem@zwackunicum.hu\">adatvedelem@zwackunicum.hu<\/a><\/p>\n<h2>Az adatkezel\u00e9ssel \u00e9rintett Szem\u00e9lyek, \u00e9s a Kezelt adatok k\u00f6re, az adatkezel\u00e9s c\u00e9lja, jogalapja<\/h2>\n<p style=\"font-weight: 400;\"><u>Az adatkezel\u00e9ssel \u00e9rintett szem\u00e9lyek k\u00f6re<\/u>:\u00a0az Adatkezel\u0151 szerz\u0151d\u00f6tt partnereivel (a tov\u00e1bbiakban: Partner) munkaviszonyban, munkav\u00e9gz\u00e9sre ir\u00e1nyul\u00f3 egy\u00e9b jogviszonyban \u00e1ll\u00f3 azon term\u00e9szetes szem\u00e9lyek, akik az Adatkezel\u0151 \u00e9s a Partner k\u00f6z\u00f6tti szerz\u0151d\u00e9ses jogviszony l\u00e9trehoz\u00e1sa, teljes\u00edt\u00e9se \u00e9rdek\u00e9ben, kapcsolattart\u00f3k\u00e9nt, a Partner \u00e1ltal kijel\u00f6l\u00e9sre ker\u00fclnek<\/p>\n<p style=\"font-weight: 400;\"><u>A kezelt adatok k\u00f6re:\u00a0<\/u>az \u00e9rintett neve, beoszt\u00e1sa, telefonsz\u00e1ma, levelez\u00e9si c\u00edme, e-mail c\u00edme<\/p>\n<p style=\"font-weight: 400;\"><u>Az adatkezel\u00e9s c\u00e9lja:<\/u>\u00a0Az Adatkezel\u0151 \u00e9s a Partner k\u00f6z\u00f6tti szerz\u0151d\u00e9s l\u00e9trehoz\u00e1sa, teljes\u00edt\u00e9se, a jogviszony l\u00e9trehoz\u00e1sa, teljes\u00edt\u00e9se \u00e9rdek\u00e9ben a felek k\u00f6z\u00f6tti kapcsolattart\u00e1s biztos\u00edt\u00e1sa.<\/p>\n<p style=\"font-weight: 400;\"><u>Az adatkezel\u00e9s jogalapja:<\/u>\u00a0Az \u00e9rintettek szem\u00e9lyes adatait az Adatkezel\u0151 a GDPR 6. cikk (1) bekezd\u00e9s f) pontja alapj\u00e1n, az Adatkezel\u0151nek, valamint a Partnernek a k\u00f6z\u00f6tt\u00fck megk\u00f6t\u00f6tt szerz\u0151d\u00e9sek teljes\u00edt\u00e9s\u00e9hez f\u0171z\u0151d\u0151 jogos \u00e9rdeke alapj\u00e1n kezeli. Az Adatkezel\u0151 a jogos \u00e9rdekhez, mint jogalaphoz k\u00f6t\u0151d\u0151 \u00e9rdekm\u00e9rlegel\u00e9si tesztet elk\u00e9sz\u00edtette, annak sor\u00e1n az adatkezel\u00e9s jogszer\u0171s\u00e9g\u00e9t meg\u00e1llap\u00edtotta, a tesztet erre ir\u00e1nyul\u00f3 k\u00e9r\u00e9s eset\u00e9n az \u00e9rintettek rendelkez\u00e9s\u00e9re bocs\u00e1tja.<\/p>\n<h2>A szem\u00e9lyes adatok megismer\u00e9s\u00e9re jogosultak, \u00e9s a szem\u00e9lyes adatok c\u00edmzettjei (adattov\u00e1bb\u00edt\u00e1s, adatfeldolgoz\u00e1s)<\/h2>\n<p style=\"font-weight: 400;\"><u>Az adatok megismer\u00e9s\u00e9re jogosult szem\u00e9lyek k\u00f6re:<\/u>\u00a0a kijel\u00f6lt kapcsolattart\u00f3k szem\u00e9lyes adatait a szerz\u0151d\u00e9sek el\u0151k\u00e9sz\u00edt\u00e9s\u00e9t, v\u00e9lem\u00e9nyez\u00e9s\u00e9t v\u00e9gz\u0151 jogi ter\u00fclet munkat\u00e1rsai, a konkr\u00e9t szerz\u0151d\u00e9ses kapcsolattart\u00e1s\u00e9rt felel\u0151s munkat\u00e1rsak, valamint a p\u00e9nz\u00fcgyi ter\u00fclet illet\u00e9kes munkat\u00e1rsai jogosultak megismerni<\/p>\n<p style=\"font-weight: 400;\"><u>Adattov\u00e1bb\u00edt\u00e1s:<\/u>\u00a0Az \u00e9rintettnek a jelen t\u00e1j\u00e9koztat\u00f3 alapj\u00e1n megismert szem\u00e9lyes adatait az Adatkezel\u0151 kiz\u00e1r\u00f3lag a szerz\u0151d\u00e9sen alapul\u00f3 jogi ig\u00e9nyek \u00e9rv\u00e9nyes\u00edt\u00e9se eset\u00e9n az illet\u00e9kes b\u00edr\u00f3s\u00e1ghoz tov\u00e1bb\u00edtja.<\/p>\n<p style=\"font-weight: 400;\"><u>Adatfeldolgoz\u00f3k<\/u>: az Adatkezel\u0151 az adatkezel\u00e9si c\u00e9l el\u00e9r\u00e9se \u00e9rdek\u00e9ben adatfeldolgoz\u00f3t nem vesz ig\u00e9nybe.<\/p>\n<h2>Az adatkezel\u00e9s helye, m\u00f3dja, id\u0151tartama<\/h2>\n<p style=\"font-weight: 400;\"><u>Az adatkezel\u00e9s helye, m\u00f3dja:<\/u>\u00a0A jelen t\u00e1j\u00e9koztat\u00f3ban megjel\u00f6lt szem\u00e9lyes adatok<\/p>\n<ul>\n<li style=\"font-weight: 400;\">pap\u00edr alapon az Adatkezel\u0151 sz\u00e9khely\u00e9n tal\u00e1lhat\u00f3 iratt\u00e1rban<\/li>\n<li style=\"font-weight: 400;\">elektronikusan az Adatkezel\u0151 sz\u00e9khely\u00e9n tal\u00e1lhat\u00f3 informatikai eszk\u00f6z\u00f6k\u00f6n, szervereken ker\u00fclnek t\u00e1rol\u00e1sra.<\/li>\n<\/ul>\n<p style=\"font-weight: 400;\"><u>Az adatok meg\u0151rz\u00e9s\u00e9nek ideje<\/u>: sz\u00e1mviteli alapbizonylatk\u00e9nt a kapcsolattart\u00e1si adatokat tartalmaz\u00f3 szerz\u0151d\u00e9seket az Adatkezel\u0151 a Sz\u00e1mviteli t\u00f6rv\u00e9ny 169.\u00a7 (2) bekezd\u00e9se \u00e9rtelm\u00e9ben a szerz\u0151d\u00e9sek megsz\u0171n\u00e9si \u00e9ve utols\u00f3 napj\u00e1t k\u00f6vet\u0151 8. \u00e9v utols\u00f3 napj\u00e1ig \u0151rzi meg.<\/p>\n<h2>Adatbiztons\u00e1g<\/h2>\n<p style=\"font-weight: 400;\">T\u00e1j\u00e9koztatjuk, hogy az Adatkezel\u0151 megteszi mindazokat a technikai \u00e9s szervez\u00e9si int\u00e9zked\u00e9seket, \u00e9s kialak\u00edtja azokat az elj\u00e1r\u00e1si szab\u00e1lyokat, amelyek a GDPR titoktart\u00e1sra, \u00e9s az adatkezel\u00e9s biztons\u00e1g\u00e1ra vonatkoz\u00f3 szab\u00e1lyainak \u00e9rv\u00e9nyre juttat\u00e1s\u00e1hoz sz\u00fcks\u00e9gesek. Az Adatkezel\u0151 megfelel\u0151 int\u00e9zked\u00e9sekkel v\u00e9dik az adatokat a jogosulatlan hozz\u00e1f\u00e9r\u00e9s, megv\u00e1ltoztat\u00e1s, tov\u00e1bb\u00edt\u00e1s, nyilv\u00e1noss\u00e1gra hozatal, t\u00f6rl\u00e9s vagy megsemmis\u00edt\u00e9s, valamint a v\u00e9letlen megsemmis\u00fcl\u00e9s, s\u00e9r\u00fcl\u00e9s ellen.<\/p>\n<p style=\"font-weight: 400;\">Az Adatkezel\u0151 az adatkezel\u00e9sei sor\u00e1n meg\u0151rzi<\/p>\n<ol>\n<li style=\"font-weight: 400;\">a)a titkoss\u00e1got: megv\u00e9di az inform\u00e1ci\u00f3t, hogy csak az f\u00e9rhessen hozz\u00e1, aki erre jogosult;<\/li>\n<li style=\"font-weight: 400;\">b)a s\u00e9rtetlens\u00e9get: megv\u00e9di az inform\u00e1ci\u00f3nak \u00e9s a feldolgoz\u00e1s m\u00f3dszer\u00e9nek a pontoss\u00e1g\u00e1t \u00e9s teljess\u00e9g\u00e9t;<\/li>\n<li style=\"font-weight: 400;\">c)a rendelkez\u00e9sre \u00e1ll\u00e1st: gondoskodik arr\u00f3l, hogy amikor a jogosult haszn\u00e1l\u00f3nak sz\u00fcks\u00e9ge van r\u00e1, val\u00f3ban hozz\u00e1 tudjon f\u00e9rni a k\u00edv\u00e1nt inform\u00e1ci\u00f3hoz, \u00e9s rendelkez\u00e9sre \u00e1lljanak az ezzel kapcsolatos eszk\u00f6z\u00f6k.<\/li>\n<\/ol>\n<p style=\"font-weight: 400;\">Az Adatkezel\u0151 megfelel\u0151en v\u00e9di az informatikai rendszereit \u00e9s h\u00e1l\u00f3zatait egyar\u00e1nt a sz\u00e1m\u00edt\u00f3g\u00e9pes csal\u00e1sok, k\u00e9mked\u00e9s, t\u0171z \u00e9s \u00e1rv\u00edz, tov\u00e1bb\u00e1 v\u00edrusok, a sz\u00e1m\u00edt\u00f3g\u00e9pes bet\u00f6r\u00e9sek ellen. Az \u00fczemeltet\u0151 a biztons\u00e1gr\u00f3l szerverszint\u0171 \u00e9s alkalmaz\u00e1sszint\u0171 v\u00e9delmi elj\u00e1r\u00e1sokkal gondoskodik. Az Adatkezel\u0151 megfigyeli a rendszereit annak \u00e9rdek\u00e9ben, hogy minden biztons\u00e1gi incidenst r\u00f6gz\u00edthessen, \u00e9s bizony\u00edt\u00e9kkal szolg\u00e1lhasson minden biztons\u00e1gi esem\u00e9ny eset\u00e9ben. A rendszermegfigyel\u00e9s ezen k\u00edv\u00fcl lehet\u0151v\u00e9 teszi az alkalmazott \u00f3vint\u00e9zked\u00e9sek hat\u00e9konys\u00e1g\u00e1nak ellen\u0151rz\u00e9s\u00e9t is. Az Adatkezel\u0151 \u00e1ltal alkalmazott inform\u00e1ci\u00f3 v\u00e9delmi int\u00e9zked\u00e9sek betart\u00e1s\u00e1t az \u00e1ltala esetlegesen ig\u00e9nybe vett adatfeldolgoz\u00f3kkal k\u00f6t\u00f6tt szerz\u0151d\u00e9sek rendelkez\u00e9sei alapj\u00e1n is megk\u00f6veteli \u00e9s azok teljes\u00fcl\u00e9s\u00e9t ellen\u0151rzi.<\/p>\n<h2>Az \u00c9rintettek jogai:<\/h2>\n<p style=\"font-weight: 400;\">T\u00e1j\u00e9koztatjuk, hogy az \u00d6nre vonatkoz\u00f3 szem\u00e9lyes adatokkal kapcsolatban b\u00e1rmikor, korl\u00e1toz\u00e1s n\u00e9lk\u00fcl k\u00e9rhet:<\/p>\n<ul>\n<li style=\"font-weight: 400;\">t\u00e1j\u00e9koztat\u00e1st, az adatokhoz val\u00f3 hozz\u00e1f\u00e9r\u00e9st,<\/li>\n<li style=\"font-weight: 400;\">helyesb\u00edt\u00e9st,<\/li>\n<li style=\"font-weight: 400;\">t\u00f6rl\u00e9st,<\/li>\n<li style=\"font-weight: 400;\">az adatkezel\u00e9s korl\u00e1toz\u00e1s\u00e1t,<\/li>\n<li style=\"font-weight: 400;\">az adatok hordozhat\u00f3s\u00e1g\u00e1t,<\/li>\n<li style=\"font-weight: 400;\">visszavonhatja a hozz\u00e1j\u00e1rul\u00e1s\u00e1t,<\/li>\n<li style=\"font-weight: 400;\">tov\u00e1bb\u00e1 tiltakozhat a szem\u00e9lyes adatok kezel\u00e9se ellen.<\/li>\n<\/ul>\n<h3><a name=\"_Toc19106690\"><\/a>T\u00e1j\u00e9koztat\u00e1shoz val\u00f3 jog<\/h3>\n<p style=\"font-weight: 400;\">Az Adatkezel\u0151 megfelel\u0151 int\u00e9zked\u00e9seket hoz annak \u00e9rdek\u00e9ben, hogy az \u00e9rintettek r\u00e9sz\u00e9re, a szem\u00e9lyes adatok kezel\u00e9s\u00e9re vonatkoz\u00f3, a GDPR 13. \u00e9s a 14. cikkben eml\u00edtett valamennyi inform\u00e1ci\u00f3t \u00e9s a 15\u201322. \u00e9s 34. cikk szerinti minden egyes t\u00e1j\u00e9koztat\u00e1st t\u00f6m\u00f6r, \u00e1tl\u00e1that\u00f3, \u00e9rthet\u0151 \u00e9s k\u00f6nnyen hozz\u00e1f\u00e9rhet\u0151 form\u00e1ban, vil\u00e1gosan \u00e9s k\u00f6z\u00e9rthet\u0151en megfogalmazva ny\u00fajtsa.<\/p>\n<p style=\"font-weight: 400;\">A t\u00e1j\u00e9koztat\u00e1shoz val\u00f3 jog \u00edr\u00e1sban a jelen t\u00e1j\u00e9koztat\u00f3ban meghat\u00e1rozott, az adatv\u00e9delmi tisztvisel\u0151 el\u00e9rhet\u0151s\u00e9gein kereszt\u00fcl gyakorolhat\u00f3. Az \u00e9rintett r\u00e9sz\u00e9re k\u00e9r\u00e9s\u00e9re \u2013 szem\u00e9lyazonoss\u00e1g\u00e1nak igazol\u00e1s\u00e1t k\u00f6vet\u0151en \u2013 sz\u00f3ban is adhat\u00f3 t\u00e1j\u00e9koztat\u00e1s.<\/p>\n<h3><a name=\"_Toc19106691\"><\/a>Az \u00e9rintett hozz\u00e1f\u00e9r\u00e9shez val\u00f3 joga<\/h3>\n<p style=\"font-weight: 400;\">Az \u00e9rintett jogosult arra, hogy az adatkezel\u0151t\u0151l inform\u00e1ci\u00f3t kapjon arra vonatkoz\u00f3an, hogy szem\u00e9lyes adatainak kezel\u00e9se folyamatban van-e, \u00e9s ha ilyen adatkezel\u00e9s folyamatban van, jogosult arra, hogy a szem\u00e9lyes adatokhoz \u00e9s a k\u00f6vetkez\u0151 inform\u00e1ci\u00f3khoz hozz\u00e1f\u00e9r\u00e9st kapjon: az adatkezel\u00e9s c\u00e9ljai; az \u00e9rintett szem\u00e9lyes adatok kateg\u00f3ri\u00e1i; azon c\u00edmzettek vagy c\u00edmzettek kateg\u00f3ri\u00e1i, akikkel, illetve amelyekkel a szem\u00e9lyes adatokat k\u00f6z\u00f6lt\u00e9k vagy k\u00f6z\u00f6lni fogj\u00e1k, ide\u00e9rtve k\u00fcl\u00f6n\u00f6sen a harmadik orsz\u00e1gbeli c\u00edmzetteket, illetve a nemzetk\u00f6zi szervezeteket; a szem\u00e9lyes adatok t\u00e1rol\u00e1s\u00e1nak tervezett id\u0151tartama; a helyesb\u00edt\u00e9s, t\u00f6rl\u00e9s vagy adatkezel\u00e9s korl\u00e1toz\u00e1s\u00e1nak \u00e9s a tiltakoz\u00e1s joga; a fel\u00fcgyeleti hat\u00f3s\u00e1ghoz c\u00edmzett panasz beny\u00fajt\u00e1s\u00e1nak joga; az adatforr\u00e1sokra vonatkoz\u00f3 inform\u00e1ci\u00f3; az automatiz\u00e1lt d\u00f6nt\u00e9shozatal t\u00e9nye, ide\u00e9rtve a profilalkot\u00e1st is, valamint az alkalmazott logik\u00e1ra \u00e9s arra vonatkoz\u00f3 \u00e9rthet\u0151 inform\u00e1ci\u00f3k, hogy az ilyen adatkezel\u00e9s milyen jelent\u0151s\u00e9ggel b\u00edr, \u00e9s az \u00e9rintettre n\u00e9zve milyen v\u00e1rhat\u00f3 k\u00f6vetkezm\u00e9nyekkel j\u00e1r. Szem\u00e9lyes adatok harmadik orsz\u00e1gba vagy nemzetk\u00f6zi szervezet r\u00e9sz\u00e9re t\u00f6rt\u00e9n\u0151 tov\u00e1bb\u00edt\u00e1sa eset\u00e9n az \u00e9rintett jogosult arra, hogy t\u00e1j\u00e9koztat\u00e1st kapjon a tov\u00e1bb\u00edt\u00e1sra vonatkoz\u00f3 megfelel\u0151 garanci\u00e1kr\u00f3l.<\/p>\n<p style=\"font-weight: 400;\">Az Adatkezel\u0151 az adatkezel\u00e9s t\u00e1rgy\u00e1t k\u00e9pez\u0151 szem\u00e9lyes adatok m\u00e1solat\u00e1t az \u00e9rintett rendelkez\u00e9s\u00e9re bocs\u00e1tja. Az \u00e9rintett \u00e1ltal k\u00e9rt tov\u00e1bbi m\u00e1solatok\u00e9rt az adatkezel\u0151 az adminisztrat\u00edv k\u00f6lts\u00e9gekhez igazod\u00f3, \u00e9szszer\u0171 m\u00e9rt\u00e9k\u0171 d\u00edjat sz\u00e1m\u00edthat fel. Az \u00e9rintett k\u00e9relm\u00e9re az inform\u00e1ci\u00f3kat az Adatkezel\u0151 elektronikus form\u00e1ban szolg\u00e1ltatja.<\/p>\n<p style=\"font-weight: 400;\">Az adatkezel\u0151 a k\u00e9relem beny\u00fajt\u00e1s\u00e1t\u00f3l sz\u00e1m\u00edtott legfeljebb egy h\u00f3napon bel\u00fcl adja meg a t\u00e1j\u00e9koztat\u00e1st.<\/p>\n<h3><a name=\"_Toc19106692\"><\/a>Helyesb\u00edt\u00e9s joga<\/h3>\n<p style=\"font-weight: 400;\">Az \u00e9rintett k\u00e9rheti az Adatkezel\u0151 \u00e1ltal kezelt, r\u00e1 vonatkoz\u00f3 pontatlan szem\u00e9lyes adatok helyesb\u00edt\u00e9s\u00e9t \u00e9s a hi\u00e1nyos adatok kieg\u00e9sz\u00edt\u00e9s\u00e9t.<\/p>\n<h3><a name=\"_Toc19106693\"><\/a>T\u00f6rl\u00e9shez val\u00f3 jog<\/h3>\n<p style=\"font-weight: 400;\">Az \u00e9rintett az al\u00e1bbi indokok valamelyik\u00e9nek fenn\u00e1ll\u00e1sa eset\u00e9n jogosult arra, hogy k\u00e9r\u00e9s\u00e9re az Adatkezel\u0151 indokolatlan k\u00e9sedelem n\u00e9lk\u00fcl t\u00f6r\u00f6lje a r\u00e1 vonatkoz\u00f3 szem\u00e9lyes adatokat:<\/p>\n<ul>\n<li style=\"font-weight: 400;\">szem\u00e9lyes adatokra m\u00e1r nincs sz\u00fcks\u00e9g abb\u00f3l a c\u00e9lb\u00f3l, amelyb\u0151l azokat gy\u0171jt\u00f6tt\u00e9k vagy m\u00e1s m\u00f3don kezelt\u00e9k;<\/li>\n<li style=\"font-weight: 400;\">az \u00e9rintett visszavonja az adatkezel\u00e9s alapj\u00e1t k\u00e9pez\u0151 hozz\u00e1j\u00e1rul\u00e1s\u00e1t, \u00e9s az adatkezel\u00e9snek nincs m\u00e1s jogalapja;<\/li>\n<li style=\"font-weight: 400;\">az \u00e9rintett tiltakozik az adatkezel\u00e9s ellen, \u00e9s nincs els\u0151bbs\u00e9get \u00e9lvez\u0151 jogszer\u0171 ok az adatkezel\u00e9sre;<\/li>\n<li style=\"font-weight: 400;\">a szem\u00e9lyes adatokat jogellenesen kezelt\u00e9k;<\/li>\n<li style=\"font-weight: 400;\">a szem\u00e9lyes adatokat az adatkezel\u0151re alkalmazand\u00f3 uni\u00f3s vagy tag\u00e1llami jogban el\u0151\u00edrt jogi k\u00f6telezetts\u00e9g teljes\u00edt\u00e9s\u00e9hez t\u00f6r\u00f6lni kell;<\/li>\n<li style=\"font-weight: 400;\">a szem\u00e9lyes adatok gy\u0171jt\u00e9s\u00e9re inform\u00e1ci\u00f3s t\u00e1rsadalommal \u00f6sszef\u00fcgg\u0151 szolg\u00e1ltat\u00e1sok k\u00edn\u00e1l\u00e1s\u00e1val kapcsolatosan ker\u00fclt sor.<\/li>\n<\/ul>\n<p style=\"font-weight: 400;\">Az adatok t\u00f6rl\u00e9se nem kezdem\u00e9nyezhet\u0151, ha az adatkezel\u00e9s sz\u00fcks\u00e9ges: a v\u00e9lem\u00e9nynyilv\u00e1n\u00edt\u00e1s szabads\u00e1g\u00e1hoz \u00e9s a t\u00e1j\u00e9koz\u00f3d\u00e1shoz val\u00f3 jog gyakorl\u00e1sa c\u00e9lj\u00e1b\u00f3l; a szem\u00e9lyes adatok kezel\u00e9s\u00e9t el\u0151\u00edr\u00f3, az adatkezel\u0151re alkalmazand\u00f3 uni\u00f3s vagy tag\u00e1llami jog szerinti k\u00f6telezetts\u00e9g teljes\u00edt\u00e9se, illetve k\u00f6z\u00e9rdekb\u0151l vagy az adatkezel\u0151re ruh\u00e1zott k\u00f6zhatalmi jogos\u00edtv\u00e1ny gyakorl\u00e1sa keret\u00e9ben v\u00e9gzett feladat v\u00e9grehajt\u00e1sa c\u00e9lj\u00e1b\u00f3l; a n\u00e9peg\u00e9szs\u00e9g\u00fcgy ter\u00fclet\u00e9t \u00e9rint\u0151, vagy archiv\u00e1l\u00e1si, tudom\u00e1nyos \u00e9s t\u00f6rt\u00e9nelmi kutat\u00e1si c\u00e9lb\u00f3l vagy statisztikai c\u00e9lb\u00f3l, k\u00f6z\u00e9rdek alapj\u00e1n; vagy jogi ig\u00e9nyek el\u0151terjeszt\u00e9s\u00e9hez, \u00e9rv\u00e9nyes\u00edt\u00e9s\u00e9hez, illetve v\u00e9delm\u00e9hez.<\/p>\n<h3><a name=\"_Toc19106694\"><\/a>Az adatkezel\u00e9s korl\u00e1toz\u00e1s\u00e1hoz val\u00f3 jog<\/h3>\n<p style=\"font-weight: 400;\">Az \u00e9rintett k\u00e9r\u00e9s\u00e9re az Adatkezel\u0151 korl\u00e1tozza az adatkezel\u00e9st, ha az al\u00e1bbi felt\u00e9telek valamelyike teljes\u00fcl:<\/p>\n<ul>\n<li style=\"font-weight: 400;\">az \u00e9rintett vitatja a szem\u00e9lyes adatok pontoss\u00e1g\u00e1t, ez esetben a korl\u00e1toz\u00e1s arra az id\u0151tartamra vonatkozik, amely lehet\u0151v\u00e9 teszi, a szem\u00e9lyes adatok pontoss\u00e1g\u00e1nak ellen\u0151rz\u00e9s\u00e9t;<\/li>\n<li style=\"font-weight: 400;\">az adatkezel\u00e9s jogellenes, \u00e9s az \u00e9rintett ellenzi az adatok t\u00f6rl\u00e9s\u00e9t, \u00e9s ehelyett k\u00e9ri azok felhaszn\u00e1l\u00e1s\u00e1nak korl\u00e1toz\u00e1s\u00e1t;<\/li>\n<li style=\"font-weight: 400;\">az adatkezel\u0151nek m\u00e1r nincs sz\u00fcks\u00e9ge a szem\u00e9lyes adatokra adatkezel\u00e9s c\u00e9lj\u00e1b\u00f3l, de az \u00e9rintett ig\u00e9nyli azokat jogi ig\u00e9nyek el\u0151terjeszt\u00e9s\u00e9hez, \u00e9rv\u00e9nyes\u00edt\u00e9s\u00e9hez vagy v\u00e9delm\u00e9hez; vagy<\/li>\n<li style=\"font-weight: 400;\">az \u00e9rintett tiltakozott az adatkezel\u00e9s ellen; ez esetben a korl\u00e1toz\u00e1s arra az id\u0151tartamra vonatkozik, am\u00edg meg\u00e1llap\u00edt\u00e1sra nem ker\u00fcl, hogy az adatkezel\u0151 jogos indokai els\u0151bbs\u00e9get \u00e9lveznek-e az \u00e9rintett jogos indokaival szemben.<\/li>\n<\/ul>\n<p style=\"font-weight: 400;\">Ha az adatkezel\u00e9s korl\u00e1toz\u00e1s al\u00e1 esik, a szem\u00e9lyes adatokat a t\u00e1rol\u00e1s kiv\u00e9tel\u00e9vel csak az \u00e9rintett hozz\u00e1j\u00e1rul\u00e1s\u00e1val, vagy jogi ig\u00e9nyek el\u0151terjeszt\u00e9s\u00e9hez, \u00e9rv\u00e9nyes\u00edt\u00e9s\u00e9hez vagy v\u00e9delm\u00e9hez, vagy m\u00e1s term\u00e9szetes vagy jogi szem\u00e9ly jogainak v\u00e9delme \u00e9rdek\u00e9ben, vagy az Uni\u00f3, illetve valamely tag\u00e1llam fontos k\u00f6z\u00e9rdek\u00e9b\u0151l lehet kezelni.<\/p>\n<p style=\"font-weight: 400;\">Az Adatkezel\u0151 az \u00e9rintettet az adatkezel\u00e9s korl\u00e1toz\u00e1s\u00e1nak felold\u00e1s\u00e1r\u00f3l el\u0151zetesen t\u00e1j\u00e9koztatja.<\/p>\n<h3><a name=\"_Toc19106695\"><\/a>Adathordoz\u00e1shoz val\u00f3 jog<\/h3>\n<p style=\"font-weight: 400;\">Az \u00e9rintett jogosult arra, hogy a r\u00e1 vonatkoz\u00f3, \u00e1ltala az adatkezel\u0151 rendelkez\u00e9s\u00e9re bocs\u00e1tott szem\u00e9lyes adatokat tagolt, sz\u00e9les k\u00f6rben haszn\u00e1lt, g\u00e9ppel olvashat\u00f3 form\u00e1tumban megkapja, tov\u00e1bb\u00e1, hogy ezeket az adatokat egy m\u00e1sik adatkezel\u0151nek tov\u00e1bb\u00edtsa, felt\u00e9ve, ha:<\/p>\n<ul>\n<li style=\"font-weight: 400;\">az adatkezel\u00e9s az \u00e9rintett hozz\u00e1j\u00e1rul\u00e1s\u00e1n, vagy olyan szerz\u0151d\u00e9sen alapszik, amelyben az \u00e9rintett szerz\u0151d\u0151 f\u00e9l,<\/li>\n<li style=\"font-weight: 400;\">\u00e9s az adatkezel\u00e9s automatiz\u00e1lt m\u00f3don t\u00f6rt\u00e9nik.<\/li>\n<\/ul>\n<h3><a name=\"_Toc19106696\"><\/a>Tiltakoz\u00e1s joga<\/h3>\n<p style=\"font-weight: 400;\">Az \u00e9rintett jogosult arra, hogy a saj\u00e1t helyzet\u00e9vel kapcsolatos okokb\u00f3l b\u00e1rmikor tiltakozzon szem\u00e9lyes adatainak k\u00f6z\u00e9rdek\u0171 vagy az adatkezel\u0151re ruh\u00e1zott k\u00f6zhatalmi jogos\u00edtv\u00e1ny gyakorl\u00e1s\u00e1nak keret\u00e9ben v\u00e9gzett feladat v\u00e9grehajt\u00e1s\u00e1hoz sz\u00fcks\u00e9ges adatkezel\u00e9s, vagy az adatkezel\u0151 vagy egy harmadik f\u00e9l jogos \u00e9rdekeinek \u00e9rv\u00e9nyes\u00edt\u00e9s\u00e9hez sz\u00fcks\u00e9ges kezel\u00e9se ellen, ide\u00e9rtve az eml\u00edtett rendelkez\u00e9seken alapul\u00f3 profilalkot\u00e1st is. Tiltakoz\u00e1s eset\u00e9n az adatkezel\u0151 a szem\u00e9lyes adatokat nem kezelheti tov\u00e1bb, kiv\u00e9ve, ha azt olyan k\u00e9nyszer\u00edt\u0151 erej\u0171 jogos okok indokolj\u00e1k, amelyek els\u0151bbs\u00e9get \u00e9lveznek az \u00e9rintett \u00e9rdekeivel, jogaival \u00e9s szabads\u00e1gaival szemben, vagy amelyek jogi ig\u00e9nyek el\u0151terjeszt\u00e9s\u00e9hez, \u00e9rv\u00e9nyes\u00edt\u00e9s\u00e9hez vagy v\u00e9delm\u00e9hez kapcsol\u00f3dnak.<\/p>\n<p style=\"font-weight: 400;\">Ha a szem\u00e9lyes adatok kezel\u00e9se k\u00f6zvetlen \u00fczletszerz\u00e9s \u00e9rdek\u00e9ben t\u00f6rt\u00e9nik, az \u00e9rintett jogosult arra, hogy b\u00e1rmikor tiltakozzon a r\u00e1 vonatkoz\u00f3 szem\u00e9lyes adatok e c\u00e9lb\u00f3l t\u00f6rt\u00e9n\u0151 kezel\u00e9se ellen, ide\u00e9rtve a profilalkot\u00e1st is, amennyiben az a k\u00f6zvetlen \u00fczletszerz\u00e9shez kapcsol\u00f3dik.<\/p>\n<p style=\"font-weight: 400;\">A szem\u00e9lyes adatok k\u00f6zvetlen \u00fczletszerz\u00e9s \u00e9rdek\u00e9ben t\u00f6rt\u00e9n\u0151 kezel\u00e9se elleni tiltakoz\u00e1s eset\u00e9n az adatok e c\u00e9lb\u00f3l nem kezelhet\u0151k.<\/p>\n<h3><a name=\"_Toc19106697\"><\/a>Automatiz\u00e1lt d\u00f6nt\u00e9shozatal egyedi \u00fcgyekben, bele\u00e9rtve a profilalkot\u00e1st<\/h3>\n<p style=\"font-weight: 400;\">Az \u00e9rintett jogosult arra, hogy ne terjedjen ki r\u00e1 az olyan, kiz\u00e1r\u00f3lag automatiz\u00e1lt adatkezel\u00e9sen \u2013 ide\u00e9rtve a profilalkot\u00e1st is \u2013 alapul\u00f3 d\u00f6nt\u00e9s hat\u00e1lya, amely r\u00e1 n\u00e9zve joghat\u00e1ssal j\u00e1rna vagy \u0151t hasonl\u00f3k\u00e9ppen jelent\u0151s m\u00e9rt\u00e9kben \u00e9rinten\u00e9.<\/p>\n<p style=\"font-weight: 400;\">Nem alkalmazhat\u00f3 a fenti jogosults\u00e1g, ha az adatkezel\u00e9s<\/p>\n<ul>\n<li style=\"font-weight: 400;\">az \u00e9rintett \u00e9s az adatkezel\u0151 k\u00f6z\u00f6tti szerz\u0151d\u00e9s megk\u00f6t\u00e9se vagy teljes\u00edt\u00e9se \u00e9rdek\u00e9ben sz\u00fcks\u00e9ges;<\/li>\n<li style=\"font-weight: 400;\">meghozatal\u00e1t az adatkezel\u0151re alkalmazand\u00f3 olyan uni\u00f3s vagy tag\u00e1llami jog teszi lehet\u0151v\u00e9, amely az \u00e9rintett jogainak \u00e9s szabads\u00e1gainak, valamint jogos \u00e9rdekeinek v\u00e9delm\u00e9t szolg\u00e1l\u00f3 megfelel\u0151 int\u00e9zked\u00e9seket is meg\u00e1llap\u00edt; vagy<\/li>\n<li style=\"font-weight: 400;\">az \u00e9rintett kifejezett hozz\u00e1j\u00e1rul\u00e1s\u00e1n alapul.<\/li>\n<\/ul>\n<p style=\"font-weight: 400;\">T\u00e1j\u00e9koztatjuk arr\u00f3l, hogy az Adatkezel\u0151 a jelen t\u00e1j\u00e9koztat\u00f3ban meghat\u00e1rozott adatkezel\u00e9si c\u00e9lokkal \u00f6sszef\u00fcgg\u00e9sben automatiz\u00e1lt d\u00f6nt\u00e9shozatalt nem alkalmaz, a szem\u00e9lyes adatokat profilalkot\u00e1si c\u00e9llal nem kezeli.<\/p>\n<h3><a name=\"_Toc19106698\"><\/a>Visszavon\u00e1s joga<\/h3>\n<p style=\"font-weight: 400;\">Az \u00e9rintett jogosult arra, hogy \u2013 amennyiben az adatkezel\u00e9s hozz\u00e1j\u00e1rul\u00e1son alapszik &#8211; hozz\u00e1j\u00e1rul\u00e1s\u00e1t b\u00e1rmikor visszavonja. A hozz\u00e1j\u00e1rul\u00e1s visszavon\u00e1sa nem \u00e9rinti a hozz\u00e1j\u00e1rul\u00e1son alapul\u00f3, a visszavon\u00e1s el\u0151tti adatkezel\u00e9s jogszer\u0171s\u00e9g\u00e9t.<\/p>\n<h3><a name=\"_Toc19106699\"><\/a>Elj\u00e1r\u00e1si szab\u00e1lyok<\/h3>\n<p style=\"font-weight: 400;\">Az adatkezel\u0151 indokolatlan k\u00e9sedelem n\u00e9lk\u00fcl, de mindenf\u00e9lek\u00e9ppen a k\u00e9relem be\u00e9rkez\u00e9s\u00e9t\u0151l sz\u00e1m\u00edtott egy h\u00f3napon bel\u00fcl t\u00e1j\u00e9koztatja az \u00e9rintettet a GDPR 15\u201322. cikk szerinti k\u00e9relem nyom\u00e1n hozott int\u00e9zked\u00e9sekr\u0151l. Sz\u00fcks\u00e9g eset\u00e9n, figyelembe v\u00e9ve a k\u00e9relem \u00f6sszetetts\u00e9g\u00e9t \u00e9s a k\u00e9relmek sz\u00e1m\u00e1t, ez a hat\u00e1rid\u0151 tov\u00e1bbi k\u00e9t h\u00f3nappal meghosszabb\u00edthat\u00f3.<\/p>\n<p style=\"font-weight: 400;\">Ha az \u00e9rintett elektronikus \u00faton ny\u00fajtotta be a k\u00e9relmet, a t\u00e1j\u00e9koztat\u00e1s elektronikus \u00faton ker\u00fcl megad\u00e1sra, kiv\u00e9ve, ha az \u00e9rintett azt m\u00e1sk\u00e9nt k\u00e9ri. Ha az adatkezel\u0151 nem tesz int\u00e9zked\u00e9seket az \u00e9rintett k\u00e9relme nyom\u00e1n, k\u00e9sedelem n\u00e9lk\u00fcl, de legk\u00e9s\u0151bb a k\u00e9relem be\u00e9rkez\u00e9s\u00e9t\u0151l sz\u00e1m\u00edtott egy h\u00f3napon bel\u00fcl t\u00e1j\u00e9koztatja az \u00e9rintettet az int\u00e9zked\u00e9s elmarad\u00e1s\u00e1nak okair\u00f3l, valamint arr\u00f3l, hogy az \u00e9rintett panaszt ny\u00fajthat be valamely fel\u00fcgyeleti hat\u00f3s\u00e1gn\u00e1l, \u00e9s \u00e9lhet b\u00edr\u00f3s\u00e1gi jogorvoslati jog\u00e1val.<\/p>\n<p style=\"font-weight: 400;\">Az Adatkezel\u0151 a k\u00e9rt inform\u00e1ci\u00f3kat \u00e9s t\u00e1j\u00e9koztat\u00e1st d\u00edjmentesen biztos\u00edtja. Ha az \u00e9rintett k\u00e9relme egy\u00e9rtelm\u0171en megalapozatlan vagy \u2013 k\u00fcl\u00f6n\u00f6sen ism\u00e9tl\u0151d\u0151 jellege miatt \u2013 t\u00falz\u00f3, az adatkezel\u0151, figyelemmel a k\u00e9rt inform\u00e1ci\u00f3 vagy t\u00e1j\u00e9koztat\u00e1s ny\u00fajt\u00e1s\u00e1val vagy a k\u00e9rt int\u00e9zked\u00e9s meghozatal\u00e1val j\u00e1r\u00f3 adminisztrat\u00edv k\u00f6lts\u00e9gekre \u00e9szszer\u0171 d\u00edjat sz\u00e1molhat fel, vagy megtagadhatja a k\u00e9relem alapj\u00e1n t\u00f6rt\u00e9n\u0151 int\u00e9zked\u00e9st.<\/p>\n<p style=\"font-weight: 400;\">Az adatkezel\u0151 az adatkezel\u00e9s t\u00e1rgy\u00e1t k\u00e9pez\u0151 szem\u00e9lyes adatok m\u00e1solat\u00e1t az \u00e9rintett rendelkez\u00e9s\u00e9re bocs\u00e1tja. Az \u00e9rintett \u00e1ltal k\u00e9rt tov\u00e1bbi m\u00e1solatok\u00e9rt az adatkezel\u0151 az adminisztrat\u00edv k\u00f6lts\u00e9geken alapul\u00f3, \u00e9szszer\u0171 m\u00e9rt\u00e9k\u0171 d\u00edjat sz\u00e1m\u00edthat fel. Ha az \u00e9rintett elektronikus \u00faton ny\u00fajtotta be a k\u00e9relmet, az inform\u00e1ci\u00f3k elektronikus form\u00e1tumban, biztons\u00e1gos csatorn\u00e1n, jelsz\u00f3val v\u00e9detten ker\u00fclnek rendelkez\u00e9sre bocs\u00e1t\u00e1sra, kiv\u00e9ve, ha az \u00e9rintett m\u00e1sk\u00e9nt k\u00e9ri.<\/p>\n<h3><a name=\"_Toc19106700\"><\/a>K\u00e1rt\u00e9r\u00edt\u00e9s \u00e9s s\u00e9relemd\u00edj<\/h3>\n<p style=\"font-weight: 400;\">Minden olyan szem\u00e9ly, aki a Rendelet megs\u00e9rt\u00e9s\u00e9nek eredm\u00e9nyek\u00e9nt vagyoni vagy nem vagyoni k\u00e1rt szenvedett, az elszenvedett k\u00e1r\u00e9rt az adatkezel\u0151t\u0151l vagy az adatfeldolgoz\u00f3t\u00f3l k\u00e1rt\u00e9r\u00edt\u00e9sre jogosult. Az adatkezel\u0151, illetve az adatfeldolgoz\u00f3 mentes\u00fcl a felel\u0151ss\u00e9g al\u00f3l, ha bizony\u00edtja, hogy a k\u00e1rt el\u0151id\u00e9z\u0151 esem\u00e9ny\u00e9rt \u0151t semmilyen m\u00f3don nem terheli felel\u0151ss\u00e9g.<\/p>\n<h2><a name=\"_Toc19106701\"><\/a>Jogorvoslati lehet\u0151s\u00e9gek<\/h2>\n<h3><a name=\"_Toc19106702\"><\/a>A jogvita b\u00e9k\u00e9s rendez\u00e9se<\/h3>\n<p style=\"font-weight: 400;\">Amennyiben a szem\u00e9lyes adataival kapcsolatban b\u00e1rmilyen panasza mer\u00fclne fel, k\u00e9rj\u00fck mindenekel\u0151tt keresse fel az adatkezel\u0151t a jelent t\u00e1j\u00e9koztat\u00f3ban meghat\u00e1rozott el\u00e9rhet\u0151s\u00e9ge valamelyik\u00e9n, a jogvita b\u00e9k\u00e9s rendez\u00e9se c\u00e9lj\u00e1b\u00f3l.<\/p>\n<h3><a name=\"_Toc19106703\"><\/a>Adatv\u00e9delmi hat\u00f3s\u00e1gi elj\u00e1r\u00e1s<\/h3>\n<p style=\"font-weight: 400;\">Az illet\u00e9kes adatv\u00e9delmi hat\u00f3s\u00e1gn\u00e1l bejelent\u00e9ssel b\u00e1rki vizsg\u00e1latot kezdem\u00e9nyezhet arra hivatkoz\u00e1ssal, hogy szem\u00e9lyes adatok kezel\u00e9s\u00e9vel, illetve a k\u00f6z\u00e9rdek\u0171 adatok vagy a k\u00f6z\u00e9rdekb\u0151l nyilv\u00e1nos adatok megismer\u00e9s\u00e9hez f\u0171z\u0151d\u0151 jogok gyakorl\u00e1s\u00e1val kapcsolatban jogs\u00e9relem k\u00f6vetkezett be, vagy annak k\u00f6zvetlen vesz\u00e9lye fenn\u00e1ll.<\/p>\n<p style=\"font-weight: 400;\">N\u00e9v: Nemzeti Adatv\u00e9delmi \u00e9s Inform\u00e1ci\u00f3szabads\u00e1g Hat\u00f3s\u00e1g<\/p>\n<p style=\"font-weight: 400;\">Sz\u00e9khely: 1055 Budapest, Falk Miksa utca 9-11.<\/p>\n<p style=\"font-weight: 400;\">Levelez\u00e9si c\u00edm: 1374 Budapest, Pf. 603.<\/p>\n<p style=\"font-weight: 400;\">Telefon: 06 \u2013 1 \u2013 391 \u2013 1400<\/p>\n<p style=\"font-weight: 400;\">Fax: 06 \u2013 1 \u2013 391 \u2013 1410<\/p>\n<p style=\"font-weight: 400;\">E-mail:<a href=\"mailto:ugyfelszolgalat@naih.hu\">ugyfelszolgalat@naih.hu<\/a><\/p>\n<p style=\"font-weight: 400;\">Honlap:<a href=\"http:\/\/www.naih.hu\/\">http:\/\/www.naih.hu<\/a><\/p>\n<h3><a name=\"_Toc19106704\"><\/a>B\u00edr\u00f3s\u00e1ghoz fordul\u00e1s joga<\/h3>\n<p style=\"font-weight: 400;\">Az \u00e9rintett a jogainak megs\u00e9rt\u00e9se eset\u00e9n, a panasz beny\u00fajt\u00e1s\u00e1t\u00f3l f\u00fcggetlen\u00fcl, az adatkezel\u0151 ellen, a hat\u00e1sk\u00f6rrel rendelkez\u0151, a lak\u00f3helye, tart\u00f3zkod\u00e1si helye szerint illet\u00e9kes b\u00edr\u00f3s\u00e1ghoz fordulhat. A b\u00edr\u00f3s\u00e1g az \u00fcgyben soron k\u00edv\u00fcl j\u00e1r el.<\/p>\n<h2>Automatiz\u00e1lt d\u00f6nt\u00e9shozatal, profilalkot\u00e1s<\/h2>\n<p style=\"font-weight: 400;\">T\u00e1j\u00e9koztatjuk arr\u00f3l, hogy az Adatkezel\u0151 a jelen t\u00e1j\u00e9koztat\u00f3ban meghat\u00e1rozott adatkezel\u00e9si c\u00e9lokkal \u00f6sszef\u00fcgg\u00e9sben automatiz\u00e1lt d\u00f6nt\u00e9shozatalt nem alkalmaz, a szem\u00e9lyes adatokat profilalkot\u00e1si c\u00e9llal nem kezeli.<\/p>\n<h2>Tov\u00e1bbi c\u00e9l\u00fa adatkezel\u00e9s<\/h2>\n<p style=\"font-weight: 400;\">T\u00e1j\u00e9koztatjuk, hogy a jelen t\u00e1j\u00e9koztat\u00f3 alapj\u00e1n az Adatkezel\u0151 rendelkez\u00e9s\u00e9re bocs\u00e1tott adatait a t\u00e1j\u00e9koztat\u00f3ban megjel\u00f6lt c\u00e9lokt\u00f3l elt\u00e9r\u0151 c\u00e9lra nem haszn\u00e1ljuk.<\/p>\n\t<\/div>\n<\/div>\n\n\n\n\n\t\t\t<\/div> \n\t\t<\/div>\n\t<\/div> \n\n\t<div  class=\"vc_col-sm-3 wpb_column column_container vc_column_container col no-extra-padding inherit_tablet inherit_phone\"  data-padding-pos=\"all\" data-has-bg-color=\"false\" data-bg-color=\"\" data-bg-opacity=\"1\" data-animation=\"\" data-delay=\"0\" >\n\t\t<div class=\"vc_column-inner\" >\n\t\t\t<div class=\"wpb_wrapper\">\n\t\t\t\t\n\t\t\t<\/div> \n\t\t<\/div>\n\t<\/div> \n<\/div><\/div>","protected":false},"excerpt":{"rendered":"Bevezet\u0151: T\u00e1j\u00e9koztatjuk arr\u00f3l, hogy a Zwack Unicum Nyrt.-nek (a tov\u00e1bbiakban: Adatkezel\u0151) az \u00fczleti partnereivel megk\u00f6t\u00f6tt szerz\u0151d\u00e9seiben a felek \u00e1ltal, a szerz\u0151d\u00e9s megfelel\u0151 teljes\u00edt\u00e9se \u00e9rdek\u00e9ben felt\u00fcntet\u00e9sre ker\u00fclnek az Adatkezel\u0151 r\u00e9sz\u00e9r\u0151l kijel\u00f6lt,...","protected":false},"author":1,"featured_media":0,"parent":0,"menu_order":0,"comment_status":"closed","ping_status":"closed","template":"","meta":{"footnotes":""},"class_list":["post-3601","page","type-page","status-publish"],"_links":{"self":[{"href":"https:\/\/zwackunicum.hu\/en\/wp-json\/wp\/v2\/pages\/3601","targetHints":{"allow":["GET"]}}],"collection":[{"href":"https:\/\/zwackunicum.hu\/en\/wp-json\/wp\/v2\/pages"}],"about":[{"href":"https:\/\/zwackunicum.hu\/en\/wp-json\/wp\/v2\/types\/page"}],"author":[{"embeddable":true,"href":"https:\/\/zwackunicum.hu\/en\/wp-json\/wp\/v2\/users\/1"}],"replies":[{"embeddable":true,"href":"https:\/\/zwackunicum.hu\/en\/wp-json\/wp\/v2\/comments?post=3601"}],"version-history":[{"count":1,"href":"https:\/\/zwackunicum.hu\/en\/wp-json\/wp\/v2\/pages\/3601\/revisions"}],"predecessor-version":[{"id":3602,"href":"https:\/\/zwackunicum.hu\/en\/wp-json\/wp\/v2\/pages\/3601\/revisions\/3602"}],"wp:attachment":[{"href":"https:\/\/zwackunicum.hu\/en\/wp-json\/wp\/v2\/media?parent=3601"}],"curies":[{"name":"wp","href":"https:\/\/api.w.org\/{rel}","templated":true}]}}